{"id":1544,"date":"2020-06-04T09:43:27","date_gmt":"2020-06-04T09:43:27","guid":{"rendered":"https:\/\/smarttourism.live\/panelisti2\/"},"modified":"2022-03-29T13:49:55","modified_gmt":"2022-03-29T13:49:55","slug":"panelisti2","status":"publish","type":"page","link":"https:\/\/smarttourism.live\/en\/panelisti2\/","title":{"rendered":"Panelists 2"},"content":{"rendered":"<p>[et_pb_section fb_built=&#8221;1&#8243; fullwidth=&#8221;on&#8221; admin_label=&#8221;Header&#8221; _builder_version=&#8221;4.4.4&#8243; background_enable_image=&#8221;off&#8221; parallax=&#8221;on&#8221; custom_padding=&#8221;|||&#8221; animation_style=&#8221;slide&#8221; animation_direction=&#8221;top&#8221; animation_intensity_slide=&#8221;2%&#8221;][et_pb_fullwidth_header title=&#8221;Panelists&#8221; background_overlay_color=&#8221;rgba(0,0,0,0)&#8221; content_max_width=&#8221;1080%&#8221; content_max_width_tablet=&#8221;100%&#8221; content_max_width_phone=&#8221;&#8221; content_max_width_last_edited=&#8221;on|desktop&#8221; _builder_version=&#8221;4.4.4&#8243; title_font=&#8221;Poppins|700|||||||&#8221; title_text_align=&#8221;center&#8221; title_text_color=&#8221;#ffffff&#8221; title_font_size=&#8221;60px&#8221; title_line_height=&#8221;1.4em&#8221; content_font=&#8221;||||||||&#8221; content_text_color=&#8221;#ffffff&#8221; content_font_size=&#8221;17px&#8221; content_line_height=&#8221;1.9em&#8221; subhead_font=&#8221;|600|||||||&#8221; subhead_text_color=&#8221;#ffffff&#8221; subhead_font_size=&#8221;20px&#8221; subhead_line_height=&#8221;1.8em&#8221; background_color=&#8221;#007fe0&#8243; background_image=&#8221;https:\/\/smarttourism.live\/wp-content\/uploads\/2020\/04\/Artboard-1-copy-4-1.png&#8221; button_one_text_size=&#8221;14px&#8221; button_one_text_color=&#8221;#000000&#8243; button_one_bg_color=&#8221;#ffffff&#8221; button_one_bg_color_gradient_start=&#8221;#d883f8&#8243; button_one_bg_color_gradient_end=&#8221;#352DBE&#8221; button_one_bg_color_gradient_direction=&#8221;90deg&#8221; button_one_border_width=&#8221;10px&#8221; button_one_border_color=&#8221;rgba(0,0,0,0)&#8221; button_one_border_radius=&#8221;100px&#8221; button_one_letter_spacing=&#8221;3px&#8221; button_one_font=&#8221;Roboto|700||on|||||&#8221; custom_button_two=&#8221;on&#8221; button_two_text_size=&#8221;14px&#8221; button_two_text_color=&#8221;#ffffff&#8221; button_two_bg_color=&#8221;#06c8ff&#8221; button_two_border_width=&#8221;10px&#8221; button_two_border_color=&#8221;rgba(0,0,0,0)&#8221; button_two_border_radius=&#8221;100px&#8221; button_two_letter_spacing=&#8221;3px&#8221; button_two_font=&#8221;Roboto|700||on|||||&#8221; background_layout=&#8221;light&#8221; custom_margin=&#8221;||||false&#8221; custom_padding=&#8221;4vw||4vw||true|&#8221; custom_padding_tablet=&#8221;250px||250px||true&#8221; custom_padding_last_edited=&#8221;off|desktop&#8221; title_font_size_tablet=&#8221;40px&#8221; title_font_size_phone=&#8221;32px&#8221; title_font_size_last_edited=&#8221;on|desktop&#8221; button_one_text_color_hover=&#8221;#ffffff&#8221; button_two_text_color_hover=&#8221;#ffffff&#8221; button_one_letter_spacing_hover=&#8221;3px&#8221; button_two_letter_spacing_hover=&#8221;3px&#8221; button_one_text_size__hover_enabled=&#8221;off&#8221; button_two_text_size__hover_enabled=&#8221;off&#8221; button_one_text_color__hover_enabled=&#8221;on&#8221; button_one_text_color__hover=&#8221;#ffffff&#8221; button_two_text_color__hover_enabled=&#8221;on&#8221; button_two_text_color__hover=&#8221;#ffffff&#8221; button_one_border_width__hover_enabled=&#8221;off&#8221; button_two_border_width__hover_enabled=&#8221;off&#8221; button_one_border_color__hover_enabled=&#8221;off&#8221; button_two_border_color__hover_enabled=&#8221;off&#8221; button_one_border_radius__hover_enabled=&#8221;off&#8221; button_two_border_radius__hover_enabled=&#8221;off&#8221; button_one_letter_spacing__hover_enabled=&#8221;on&#8221; button_one_letter_spacing__hover=&#8221;3px&#8221; button_two_letter_spacing__hover_enabled=&#8221;on&#8221; button_two_letter_spacing__hover=&#8221;3px&#8221; button_one_bg_color__hover_enabled=&#8221;off&#8221; button_two_bg_color__hover_enabled=&#8221;off&#8221;][\/et_pb_fullwidth_header][\/et_pb_section][et_pb_section fb_built=&#8221;1&#8243; custom_padding_last_edited=&#8221;on|tablet&#8221; admin_label=&#8221;Schedule&#8221; _builder_version=&#8221;4.4.4&#8243; background_color_gradient_direction=&#8221;90deg&#8221; background_enable_image=&#8221;off&#8221; background_size=&#8221;initial&#8221; background_position=&#8221;top_right&#8221; max_width_tablet=&#8221;&#8221; max_width_phone=&#8221;100%&#8221; max_width_last_edited=&#8221;on|phone&#8221; custom_margin=&#8221;|||&#8221; custom_padding=&#8221;|10vw||&#8221; custom_padding_tablet=&#8221;|0vw||&#8221; custom_padding_phone=&#8221;&#8221; border_color_all=&#8221;#0d9fd8&#8243; border_width_left=&#8221;0vw&#8221; locked=&#8221;off&#8221; collapsed=&#8221;off&#8221;][et_pb_row column_structure=&#8221;1_3,2_3&#8243; module_id=&#8221;maja&#8221; _builder_version=&#8221;4.4.4&#8243; custom_margin_tablet=&#8221;|||&#8221; custom_margin_phone=&#8221;|||&#8221; custom_margin_last_edited=&#8221;on|desktop&#8221; custom_padding=&#8221;|||0px||&#8221; animation_style=&#8221;zoom&#8221; animation_direction=&#8221;top&#8221; animation_intensity_zoom=&#8221;10%&#8221; border_color_all=&#8221;rgba(51,51,51,0.05)&#8221; border_width_bottom=&#8221;2px&#8221;][et_pb_column type=&#8221;1_3&#8243; _builder_version=&#8221;3.25&#8243; custom_padding=&#8221;|||&#8221; custom_padding__hover=&#8221;|||&#8221;][et_pb_blurb title=&#8221;Maja Pak&#8221; image=&#8221;https:\/\/smarttourism.live\/wp-content\/uploads\/2020\/06\/NIVE9958.png&#8221; _builder_version=&#8221;4.4.4&#8243; header_level=&#8221;h5&#8243; header_font=&#8221;Poppins|700|||||||&#8221; header_font_size=&#8221;20px&#8221; text_orientation=&#8221;center&#8221; custom_margin=&#8221;||10px|&#8221; border_radii_image=&#8221;on|300px|300px|300px|300px&#8221; locked=&#8221;off&#8221;]<\/p>\n<p class=\"p1\"><span>Managing Director of Slovenian Tourist Board<\/span><\/p>\n<p>[\/et_pb_blurb][\/et_pb_column][et_pb_column type=&#8221;2_3&#8243; _builder_version=&#8221;3.25&#8243; custom_padding=&#8221;|||&#8221; custom_padding__hover=&#8221;|||&#8221;][et_pb_text _builder_version=&#8221;4.4.4&#8243; text_font=&#8221;||||||||&#8221; text_line_height=&#8221;1.9em&#8221; header_font=&#8221;||||||||&#8221; header_3_font=&#8221;||||||||&#8221; header_4_font=&#8221;||||||||&#8221; header_5_font=&#8221;Roboto||||||||&#8221; header_5_text_color=&#8221;#00b2e5&#8243; header_5_line_height=&#8221;1.4em&#8221; header_6_font=&#8221;||||||||&#8221;]<\/p>\n<p class=\"p1\"><span class=\"s1\">Maja Pak holds a M.Sc. Degree and majored in entrepreneurship at the University of Ljubljana. After a few years of managing the Ljubljana Representative Office of Roga\u0161ka Spa, she joined the founding team of the new promotion agency for Slovenia as a tourist destination in 1996.<br \/>\nHer over 20-year work for STB has enabled her to not only witness, but to lead the transformation of Slovenia from a nice country in the heart of Europe to the world&#8217;s first green destination and a leader in sustainability in tourism. Her vision is clear and has gained unanimous support among stakeholders: Slovenia is a green boutique destination for 5-star experiences. She is dedicated to run the DNA of the I feel Slovenia brand through every act of communication, and to\u00a0encourage the development of the products that would deliver the promise of the brand. <\/span><\/p>\n<p><a href=\"mailto:maja.pak@slovenia.info \">maja.pak@slovenia.info<\/a><\/p>\n<p>[\/et_pb_text][\/et_pb_column][\/et_pb_row][et_pb_row column_structure=&#8221;1_3,2_3&#8243; module_id=&#8221;kristjan&#8221; _builder_version=&#8221;4.4.8&#8243; custom_margin_tablet=&#8221;|||&#8221; custom_margin_phone=&#8221;|||&#8221; custom_margin_last_edited=&#8221;on|desktop&#8221; custom_padding=&#8221;|||0px||&#8221; animation_style=&#8221;zoom&#8221; animation_direction=&#8221;top&#8221; animation_intensity_zoom=&#8221;10%&#8221; border_color_all=&#8221;rgba(51,51,51,0.05)&#8221; border_width_bottom=&#8221;2px&#8221;][et_pb_column type=&#8221;1_3&#8243; _builder_version=&#8221;3.25&#8243; custom_padding=&#8221;|||&#8221; custom_padding__hover=&#8221;|||&#8221;][et_pb_blurb title=&#8221;Kristjan Stani\u010di\u0107&#8221; image=&#8221;https:\/\/smarttourism.live\/wp-content\/uploads\/2020\/06\/6_kristjan.jpg&#8221; _builder_version=&#8221;4.4.8&#8243; header_level=&#8221;h5&#8243; header_font=&#8221;Poppins|700|||||||&#8221; header_font_size=&#8221;20px&#8221; text_orientation=&#8221;center&#8221; custom_margin=&#8221;||10px|&#8221; border_radii_image=&#8221;on|300px|300px|300px|300px&#8221; locked=&#8221;off&#8221;]<\/p>\n<p><span>Director of the Croatian Tourist Board\u2019s Head office<\/span><\/p>\n<p>[\/et_pb_blurb][\/et_pb_column][et_pb_column type=&#8221;2_3&#8243; _builder_version=&#8221;3.25&#8243; custom_padding=&#8221;|||&#8221; custom_padding__hover=&#8221;|||&#8221;][et_pb_text _builder_version=&#8221;4.4.8&#8243; text_font=&#8221;||||||||&#8221; text_line_height=&#8221;1.9em&#8221; header_font=&#8221;||||||||&#8221; header_3_font=&#8221;||||||||&#8221; header_4_font=&#8221;||||||||&#8221; header_5_font=&#8221;Roboto||||||||&#8221; header_5_text_color=&#8221;#00b2e5&#8243; header_5_line_height=&#8221;1.4em&#8221; header_6_font=&#8221;||||||||&#8221;]<\/p>\n<p>Kristjan Stani\u010di\u0107 was born on October 1, 1973 in Kopar. He graduated at Faculty of Tourism and Hospitality Management in Opatija. He also completed a one-year study at the Diplomatic Academy in Zagreb and earned his master\u2019s degree at the Faculty of Hotel and Tourism Management in Opatija. He started his career at the Ministry of Foreign Affairs, where he worked from 1996 to 2001. He worked also at the Croatian Embassy in Ljubljana, Slovenia. Stani\u010di\u0107 has reach experience in the tourist sector as well.<\/p>\n<p>Namely, he worked as Assistant Director of Marketing and Sales of Hotel Novi and after that he was a member of the Management Board of that company. He was President of the Board of Directors of Liburnia Riviera Hotel, President of the Board of the Crikvenica Hotel Company Jadran, as Executive Director of Sales and Marketing and then President of the Management Board of Hotel Bernardin in Portoro\u017e, Slovenia. On July 5, 2017 he was appointed Director of the Croatian Tourist Board\u2019s Head office by the Tourist Council of Croatian Tourist Board.<\/p>\n<p><a href=\"mailto:kristjan.stanicic@htz.hr\"><\/a><a href=\"mailto:ured.direktora@htz.hr\">ured.direktora@htz.hr<\/a><\/p>\n<p>[\/et_pb_text][\/et_pb_column][\/et_pb_row][et_pb_row column_structure=&#8221;1_3,2_3&#8243; module_id=&#8221;ivanak&#8221; _builder_version=&#8221;4.4.4&#8243; custom_margin_tablet=&#8221;|||&#8221; custom_margin_phone=&#8221;|||&#8221; custom_margin_last_edited=&#8221;on|desktop&#8221; custom_padding=&#8221;|||0px||&#8221; animation_style=&#8221;zoom&#8221; animation_direction=&#8221;top&#8221; animation_intensity_zoom=&#8221;10%&#8221; border_color_all=&#8221;rgba(51,51,51,0.05)&#8221; border_width_bottom=&#8221;2px&#8221;][et_pb_column type=&#8221;1_3&#8243; _builder_version=&#8221;3.25&#8243; custom_padding=&#8221;|||&#8221; custom_padding__hover=&#8221;|||&#8221;][et_pb_blurb title=&#8221; Ivana Kolar&#8221; image=&#8221;https:\/\/smarttourism.live\/wp-content\/uploads\/2020\/04\/Ivana-1.jpg&#8221; _builder_version=&#8221;4.4.4&#8243; header_level=&#8221;h5&#8243; header_font=&#8221;Poppins|700|||||||&#8221; header_font_size=&#8221;20px&#8221; text_orientation=&#8221;center&#8221; custom_margin=&#8221;||10px|&#8221; border_radii_image=&#8221;on|300px|300px|300px|300px&#8221; locked=&#8221;off&#8221;]<\/p>\n<p>Director, Julius Rose d.o.o.<\/p>\n<p>[\/et_pb_blurb][\/et_pb_column][et_pb_column type=&#8221;2_3&#8243; _builder_version=&#8221;3.25&#8243; custom_padding=&#8221;|||&#8221; custom_padding__hover=&#8221;|||&#8221;][et_pb_text _builder_version=&#8221;4.4.4&#8243; text_font=&#8221;||||||||&#8221; text_line_height=&#8221;1.9em&#8221; header_font=&#8221;||||||||&#8221; header_3_font=&#8221;||||||||&#8221; header_4_font=&#8221;||||||||&#8221; header_5_font=&#8221;Roboto||||||||&#8221; header_5_text_color=&#8221;#00b2e5&#8243; header_5_line_height=&#8221;1.4em&#8221; header_6_font=&#8221;||||||||&#8221;]<\/p>\n<p class=\"p1\"><span class=\"s1\">Director in Julius Rose, deals with consulting and project management in tourism and development of new value. For many years she was director of Terme Tuhelj, where she led business operations and development, including management of large investment projects and transformation of the facility into the largest continental resort 4 * in Croatia offering modern thermal, wellness and congress products and services.Today, she is engaged in the development of Terme Tuhelj as a Management Advisor. She is the organizer of the conference \u201cCroatian Tourism 365?\u201d and actively promotes the importance of continuous development and quality of business, and advocates the development of year-round tourism and tourism on the continent. She actively participates in numerous organizations and associations on development and promotion of tourism and the economy. She graduated from the Faculty of Economics in Zagreb, and was awarded in 2011 by CROMA as the \u201cManager of the Year\u201d.<\/span><\/p>\n<p><a href=\"mailto:ivana.kolar@julius-rose.hr\">ivana.kolar@julius-rose.hr<\/a>[\/et_pb_text][\/et_pb_column][\/et_pb_row][et_pb_row column_structure=&#8221;1_3,2_3&#8243; module_id=&#8221;miha&#8221; _builder_version=&#8221;4.4.4&#8243; custom_margin_tablet=&#8221;|||&#8221; custom_margin_phone=&#8221;|||&#8221; custom_margin_last_edited=&#8221;on|desktop&#8221; custom_padding=&#8221;|||0px||&#8221; animation_style=&#8221;zoom&#8221; animation_direction=&#8221;top&#8221; animation_intensity_zoom=&#8221;10%&#8221; border_color_all=&#8221;rgba(51,51,51,0.05)&#8221; border_width_bottom=&#8221;2px&#8221;][et_pb_column type=&#8221;1_3&#8243; _builder_version=&#8221;3.25&#8243; custom_padding=&#8221;|||&#8221; custom_padding__hover=&#8221;|||&#8221;][et_pb_blurb title=&#8221;Miha Kova\u010di\u0107&#8221; image=&#8221;https:\/\/smarttourism.live\/wp-content\/uploads\/2020\/06\/miha-kovacic-1.png&#8221; _builder_version=&#8221;4.4.4&#8243; header_level=&#8221;h5&#8243; header_font=&#8221;Poppins|700|||||||&#8221; header_font_size=&#8221;20px&#8221; text_orientation=&#8221;center&#8221; custom_margin=&#8221;||10px|&#8221; border_radii_image=&#8221;on|300px|300px|300px|300px&#8221; locked=&#8221;off&#8221;]<\/p>\n<p class=\"p1\"><span>Co-Founder, Conventa <\/span><\/p>\n<p>[\/et_pb_blurb][\/et_pb_column][et_pb_column type=&#8221;2_3&#8243; _builder_version=&#8221;3.25&#8243; custom_padding=&#8221;|||&#8221; custom_padding__hover=&#8221;|||&#8221;][et_pb_text _builder_version=&#8221;4.4.4&#8243; text_font=&#8221;||||||||&#8221; text_line_height=&#8221;1.9em&#8221; header_font=&#8221;||||||||&#8221; header_3_font=&#8221;||||||||&#8221; header_4_font=&#8221;||||||||&#8221; header_5_font=&#8221;Roboto||||||||&#8221; header_5_text_color=&#8221;#00b2e5&#8243; header_5_line_height=&#8221;1.4em&#8221; header_6_font=&#8221;||||||||&#8221;]<\/p>\n<p class=\"p1\"><span class=\"s1\">Miha Kovacic has over 20 years of working experience in the travel industry. Tourism is part of the family being already the fourth generation working in tourism. Started with Kompas Tour Operator but soon got infected by the meetings industry. Continued with Kompas, the Destination Management Company and Professional Conference Organiser, later joined Grand Hotel Union, largest convention hotel in Ljubljana. Current position is CEO of the Slovenian Convention Bureau. Miha Kovacic is also the organiser of Conventa, the meetings and incentive travel trade show of \u00bbNew Europe\u00ab. First Conventa was organised in 2009 and in January 2021 there will be the 13th edition.<br \/><\/span><\/p>\n<p class=\"p1\"><span class=\"s1\"><a href=\"mailto:miha.kovacic@slovenia-convention.com\">miha.kovacic@slovenia-convention.com<\/a><\/span><\/p>\n<p>[\/et_pb_text][\/et_pb_column][\/et_pb_row][et_pb_row column_structure=&#8221;1_3,2_3&#8243; module_id=&#8221;gorazd&#8221; _builder_version=&#8221;4.4.4&#8243; custom_margin_tablet=&#8221;|||&#8221; custom_margin_phone=&#8221;|||&#8221; custom_margin_last_edited=&#8221;on|desktop&#8221; custom_padding=&#8221;|||0px||&#8221; animation_style=&#8221;zoom&#8221; animation_direction=&#8221;top&#8221; animation_intensity_zoom=&#8221;10%&#8221; border_color_all=&#8221;rgba(51,51,51,0.05)&#8221; border_width_bottom=&#8221;2px&#8221;][et_pb_column type=&#8221;1_3&#8243; _builder_version=&#8221;3.25&#8243; custom_padding=&#8221;|||&#8221; custom_padding__hover=&#8221;|||&#8221;][et_pb_blurb title=&#8221;Gorazd \u010cad&#8221; image=&#8221;https:\/\/smarttourism.live\/wp-content\/uploads\/2020\/06\/Gorazd.png&#8221; _builder_version=&#8221;4.4.4&#8243; header_level=&#8221;h5&#8243; header_font=&#8221;Poppins|700|||||||&#8221; header_font_size=&#8221;20px&#8221; text_orientation=&#8221;center&#8221; custom_margin=&#8221;||10px|&#8221; border_radii_image=&#8221;on|300px|300px|300px|300px&#8221; locked=&#8221;off&#8221;]<\/p>\n<p class=\"p1\"><span>Co-Founder, Conventa <\/span><\/p>\n<p>[\/et_pb_blurb][\/et_pb_column][et_pb_column type=&#8221;2_3&#8243; _builder_version=&#8221;3.25&#8243; custom_padding=&#8221;|||&#8221; custom_padding__hover=&#8221;|||&#8221;][et_pb_text _builder_version=&#8221;4.4.4&#8243; text_font=&#8221;||||||||&#8221; text_line_height=&#8221;1.9em&#8221; header_font=&#8221;||||||||&#8221; header_3_font=&#8221;||||||||&#8221; header_4_font=&#8221;||||||||&#8221; header_5_font=&#8221;Roboto||||||||&#8221; header_5_text_color=&#8221;#00b2e5&#8243; header_5_line_height=&#8221;1.4em&#8221; header_6_font=&#8221;||||||||&#8221;]<\/p>\n<p class=\"p1\"><span class=\"s1\">A long-time meetings industry addict, Gorazd is the Founder and owner of marketing and event agency TOLERANCA MARKETING. He has\u00a0many years of experience in planning, preparing and carrying out large international meetings and exhibitions and in cooperation with foreign and\u00a0domestic scientists, doctors and institutions preparing common congress projects.<\/span><\/p>\n<p>He is a consultant for the successful marketing of congress centres and destinations as well as communications for congress and business events.\u00a0He is also the author of numerous articles and editor- in-chief of the meetings industry magazine KONGRES MAGAZINE.<\/p>\n<p><a href=\"mailto:gorazd.cad@toleranca.eu\">gorazd.cad@toleranca.eu<\/a><\/p>\n<p>[\/et_pb_text][\/et_pb_column][\/et_pb_row][et_pb_row column_structure=&#8221;1_3,2_3&#8243; module_id=&#8221;igor&#8221; _builder_version=&#8221;4.4.8&#8243; custom_margin_tablet=&#8221;|||&#8221; custom_margin_phone=&#8221;|||&#8221; custom_margin_last_edited=&#8221;on|desktop&#8221; custom_padding=&#8221;|||0px||&#8221; animation_style=&#8221;zoom&#8221; animation_direction=&#8221;top&#8221; animation_intensity_zoom=&#8221;10%&#8221; border_color_all=&#8221;rgba(51,51,51,0.05)&#8221; border_width_bottom=&#8221;2px&#8221;][et_pb_column type=&#8221;1_3&#8243; _builder_version=&#8221;3.25&#8243; custom_padding=&#8221;|||&#8221; custom_padding__hover=&#8221;|||&#8221;][et_pb_blurb title=&#8221;Igor Kova\u010devi\u0107 &#8221; image=&#8221;https:\/\/smarttourism.live\/wp-content\/uploads\/2020\/06\/image.png&#8221; _builder_version=&#8221;4.4.8&#8243; header_level=&#8221;h5&#8243; header_font=&#8221;Poppins|700|||||||&#8221; header_font_size=&#8221;20px&#8221; text_orientation=&#8221;center&#8221; custom_margin=&#8221;||10px|&#8221; border_radii_image=&#8221;on|300px|300px|300px|300px&#8221; locked=&#8221;off&#8221;]<\/p>\n<p>CEO, Convention Bureau within National Tourism Organisation of Serbia<\/p>\n<p>[\/et_pb_blurb][\/et_pb_column][et_pb_column type=&#8221;2_3&#8243; _builder_version=&#8221;3.25&#8243; custom_padding=&#8221;|||&#8221; custom_padding__hover=&#8221;|||&#8221;][et_pb_text _builder_version=&#8221;4.4.8&#8243; text_font=&#8221;||||||||&#8221; text_line_height=&#8221;1.9em&#8221; header_font=&#8221;||||||||&#8221; header_3_font=&#8221;||||||||&#8221; header_4_font=&#8221;||||||||&#8221; header_5_font=&#8221;Roboto||||||||&#8221; header_5_text_color=&#8221;#00b2e5&#8243; header_5_line_height=&#8221;1.4em&#8221; header_6_font=&#8221;||||||||&#8221;]<\/p>\n<p>Igor Kova\u010devi\u0107 for more then 12 years is active in proactive selling and destination management in the field of international events of associations and corporations. He is a CEO of the Convention Bureau within National Tourism Organisation of Serbia, and at the same time is very active in academic field as the Assistant Professors at the Faculty of Economics University of Belgrade. He is also Deputy Chair of the ICCA Central European Chapter.<\/p>\n<p>&nbsp;<\/p>\n<p><a href=\"mailto:ikovacevic@serbia.travel\">ikovacevic@serbia.travel<\/a><\/p>\n<p>[\/et_pb_text][\/et_pb_column][\/et_pb_row][et_pb_row column_structure=&#8221;1_3,2_3&#8243; module_id=&#8221;janez&#8221; _builder_version=&#8221;4.4.8&#8243; custom_margin_tablet=&#8221;|||&#8221; custom_margin_phone=&#8221;|||&#8221; custom_margin_last_edited=&#8221;on|desktop&#8221; custom_padding=&#8221;|||0px||&#8221; animation_style=&#8221;zoom&#8221; animation_direction=&#8221;top&#8221; animation_intensity_zoom=&#8221;10%&#8221; border_color_all=&#8221;rgba(51,51,51,0.05)&#8221; border_width_bottom=&#8221;2px&#8221;][et_pb_column type=&#8221;1_3&#8243; _builder_version=&#8221;3.25&#8243; custom_padding=&#8221;|||&#8221; custom_padding__hover=&#8221;|||&#8221;][et_pb_blurb title=&#8221;Janez Kopa\u010d Lebar&#8221; image=&#8221;https:\/\/smarttourism.live\/wp-content\/uploads\/2020\/06\/JanezKopacLebar.jpg&#8221; _builder_version=&#8221;4.4.8&#8243; header_level=&#8221;h5&#8243; header_font=&#8221;Poppins|700|||||||&#8221; header_font_size=&#8221;20px&#8221; text_orientation=&#8221;center&#8221; custom_margin=&#8221;||10px|&#8221; border_radii_image=&#8221;on|300px|300px|300px|300px&#8221; locked=&#8221;off&#8221;]<\/p>\n<p>Project and event Manager, MPG plus<\/p>\n<p>[\/et_pb_blurb][\/et_pb_column][et_pb_column type=&#8221;2_3&#8243; _builder_version=&#8221;3.25&#8243; custom_padding=&#8221;|||&#8221; custom_padding__hover=&#8221;|||&#8221;][et_pb_text _builder_version=&#8221;4.4.8&#8243; text_font=&#8221;||||||||&#8221; text_line_height=&#8221;1.9em&#8221; header_font=&#8221;||||||||&#8221; header_3_font=&#8221;||||||||&#8221; header_4_font=&#8221;||||||||&#8221; header_5_font=&#8221;Roboto||||||||&#8221; header_5_text_color=&#8221;#00b2e5&#8243; header_5_line_height=&#8221;1.4em&#8221; header_6_font=&#8221;||||||||&#8221;]<\/p>\n<p>Janez Kopa\u010d Lebar is experienced project and event manager at MPG marketing agency. He is specialized for creating unique conference experiences and among other projects, for the last 7 years, he is a project lead of Microsoft NT conference \u2013 the biggest IT &amp; business conference in Slovenia. One of his latest successful challenges was creating a virtual version of NT Conference \u2013 NT Remote.<\/p>\n<p><span><a href=\"mailto:j.lebar@mpgplus.si\">j.lebar@mpgplus.si<\/a><\/span><\/p>\n<p>[\/et_pb_text][\/et_pb_column][\/et_pb_row][et_pb_row column_structure=&#8221;1_3,2_3&#8243; disabled_on=&#8221;off|off|off&#8221; module_id=&#8221;josipa&#8221; _builder_version=&#8221;4.4.8&#8243; custom_margin_tablet=&#8221;|||&#8221; custom_margin_phone=&#8221;|||&#8221; custom_margin_last_edited=&#8221;on|desktop&#8221; custom_padding=&#8221;|||0px||&#8221; animation_style=&#8221;zoom&#8221; animation_direction=&#8221;top&#8221; animation_intensity_zoom=&#8221;10%&#8221; border_color_all=&#8221;rgba(51,51,51,0.05)&#8221; border_width_bottom=&#8221;2px&#8221;][et_pb_column type=&#8221;1_3&#8243; _builder_version=&#8221;3.25&#8243; custom_padding=&#8221;|||&#8221; custom_padding__hover=&#8221;|||&#8221;][et_pb_blurb title=&#8221;Josipa Terzi\u0107 &#8211; Rezi\u0107&#8221; image=&#8221;https:\/\/smarttourism.live\/wp-content\/uploads\/2020\/06\/Josipa-Terzic.jpg&#8221; _builder_version=&#8221;4.4.8&#8243; header_level=&#8221;h5&#8243; header_font=&#8221;Poppins|700|||||||&#8221; header_font_size=&#8221;20px&#8221; text_orientation=&#8221;center&#8221; custom_margin=&#8221;||10px|&#8221; border_radii_image=&#8221;on|300px|300px|300px|300px&#8221; locked=&#8221;off&#8221;]<\/p>\n<p class=\"p1\">Owner, Apriori BH<\/p>\n<p>[\/et_pb_blurb][\/et_pb_column][et_pb_column type=&#8221;2_3&#8243; _builder_version=&#8221;3.25&#8243; custom_padding=&#8221;|||&#8221; custom_padding__hover=&#8221;|||&#8221;][et_pb_text _builder_version=&#8221;4.4.8&#8243; text_font=&#8221;||||||||&#8221; text_line_height=&#8221;1.9em&#8221; header_font=&#8221;||||||||&#8221; header_3_font=&#8221;||||||||&#8221; header_4_font=&#8221;||||||||&#8221; header_5_font=&#8221;Roboto||||||||&#8221; header_5_text_color=&#8221;#00b2e5&#8243; header_5_line_height=&#8221;1.4em&#8221; header_6_font=&#8221;||||||||&#8221;]<\/p>\n<p class=\"p1\"><span class=\"s1\">Josipa Terzi\u0107 &#8211; Rezi\u0107, owner of Apriori BH &#8211; Agency for Professional Development, Event Management and Communications. For the last 12 years, she has organized and planned +150 business events in Bosnia and Herzegovina, Montenegro and Croatia. She initiated and conducted professional conferences APRIORI TOURISM and APRIORI EU PROJECTS where she gathered the best lecturers from the region with over 150 participants per conference. Experience in running a private company has honed her skills in planning business events in BH and the regional market. <\/span><\/p>\n<p class=\"p2\"><span class=\"s2\"><a href=\"mailto:josipa@apriori.ba\">josipa@apriori.ba<\/a><\/span><\/p>\n<p>[\/et_pb_text][\/et_pb_column][\/et_pb_row][et_pb_row column_structure=&#8221;1_3,2_3&#8243; disabled_on=&#8221;off|off|off&#8221; module_id=&#8221;stjepan&#8221; _builder_version=&#8221;4.4.8&#8243; custom_margin_tablet=&#8221;|||&#8221; custom_margin_phone=&#8221;|||&#8221; custom_margin_last_edited=&#8221;on|desktop&#8221; custom_padding=&#8221;|||0px||&#8221; animation_style=&#8221;zoom&#8221; animation_direction=&#8221;top&#8221; animation_intensity_zoom=&#8221;10%&#8221; border_color_all=&#8221;rgba(51,51,51,0.05)&#8221; border_width_bottom=&#8221;2px&#8221;][et_pb_column type=&#8221;1_3&#8243; _builder_version=&#8221;3.25&#8243; custom_padding=&#8221;|||&#8221; custom_padding__hover=&#8221;|||&#8221;][et_pb_blurb title=&#8221;Stjepan Primorac&#8221; image=&#8221;https:\/\/smarttourism.live\/wp-content\/uploads\/2020\/06\/Stjepan-Primorac.jpg&#8221; _builder_version=&#8221;4.4.8&#8243; header_level=&#8221;h5&#8243; header_font=&#8221;Poppins|700|||||||&#8221; header_font_size=&#8221;20px&#8221; text_orientation=&#8221;center&#8221; custom_margin=&#8221;||10px|&#8221; border_radii_image=&#8221;on|300px|300px|300px|300px&#8221; locked=&#8221;off&#8221;]<\/p>\n<p class=\"p1\">President, Association for Tourism at the Chamber of Commerce of the FBH<\/p>\n<p>[\/et_pb_blurb][\/et_pb_column][et_pb_column type=&#8221;2_3&#8243; _builder_version=&#8221;3.25&#8243; custom_padding=&#8221;|||&#8221; custom_padding__hover=&#8221;|||&#8221;][et_pb_text _builder_version=&#8221;4.4.8&#8243; text_font=&#8221;||||||||&#8221; text_line_height=&#8221;1.9em&#8221; header_font=&#8221;||||||||&#8221; header_3_font=&#8221;||||||||&#8221; header_4_font=&#8221;||||||||&#8221; header_5_font=&#8221;Roboto||||||||&#8221; header_5_text_color=&#8221;#00b2e5&#8243; header_5_line_height=&#8221;1.4em&#8221; header_6_font=&#8221;||||||||&#8221;]<\/p>\n<p>Stjepan Primorac is the director of the Bigeste Hotel in Ljubu\u0161ki, the president of the Tourism Cluster of Herzegovina and the president of the Association for Tourism at the Chamber of Commerce of the Federation of Bosnia and Herzegovina. He has been working in the tourism sector for two decades and is a person who understands all the advantages and opportunities for the development of tourism in Herzegovina.<\/p>\n<p class=\"p1\"><span class=\"s1\"><a href=\"mailto:stjepan.primorac@hotelbigeste.ba\">stjepan.primorac@hotelbigeste.ba<\/a><\/span><\/p>\n<p>[\/et_pb_text][\/et_pb_column][\/et_pb_row][et_pb_row column_structure=&#8221;1_3,2_3&#8243; disabled_on=&#8221;off|off|off&#8221; module_id=&#8221;mili&#8221; _builder_version=&#8221;4.4.8&#8243; custom_margin_tablet=&#8221;|||&#8221; custom_margin_phone=&#8221;|||&#8221; custom_margin_last_edited=&#8221;on|desktop&#8221; custom_padding=&#8221;|||0px||&#8221; animation_style=&#8221;zoom&#8221; animation_direction=&#8221;top&#8221; animation_intensity_zoom=&#8221;10%&#8221; border_color_all=&#8221;rgba(51,51,51,0.05)&#8221; border_width_bottom=&#8221;2px&#8221;][et_pb_column type=&#8221;1_3&#8243; _builder_version=&#8221;3.25&#8243; custom_padding=&#8221;|||&#8221; custom_padding__hover=&#8221;|||&#8221;][et_pb_blurb title=&#8221;Mili Bijavica&#8221; image=&#8221;https:\/\/smarttourism.live\/wp-content\/uploads\/2020\/06\/Mili-Bijavica.jpg&#8221; _builder_version=&#8221;4.4.8&#8243; header_level=&#8221;h5&#8243; header_font=&#8221;Poppins|700|||||||&#8221; header_font_size=&#8221;20px&#8221; text_orientation=&#8221;center&#8221; custom_margin=&#8221;||10px|&#8221; border_radii_image=&#8221;on|300px|300px|300px|300px&#8221; locked=&#8221;off&#8221;]<\/p>\n<p class=\"p1\">CEO, Fortuna Tours<\/p>\n<p>[\/et_pb_blurb][\/et_pb_column][et_pb_column type=&#8221;2_3&#8243; _builder_version=&#8221;3.25&#8243; custom_padding=&#8221;|||&#8221; custom_padding__hover=&#8221;|||&#8221;][et_pb_text _builder_version=&#8221;4.4.8&#8243; text_font=&#8221;||||||||&#8221; text_line_height=&#8221;1.9em&#8221; header_font=&#8221;||||||||&#8221; header_3_font=&#8221;||||||||&#8221; header_4_font=&#8221;||||||||&#8221; header_5_font=&#8221;Roboto||||||||&#8221; header_5_text_color=&#8221;#00b2e5&#8243; header_5_line_height=&#8221;1.4em&#8221; header_6_font=&#8221;||||||||&#8221; hover_enabled=&#8221;0&#8243; sticky_enabled=&#8221;0&#8243;]<\/p>\n<p class=\"p1\"><span class=\"s1\">Mili Bijavica, owner and director of Fortuna Tours d.o.o. one of the leading tourist agencies in BH for receptive &#8211; incoming tourism. In 1989 he specialized in Tourism Marketing in Rome and in the same year he opened one of the first travel agencies in the former state. Fortuna Tours annually brings over 80,000 tourists to Mostar, Bosnia and Herzegovina and countries in the region. He is the President of the Group for Hospitality and Tourism, which operates at the Foreign Trade Chamber of BH.<br \/> <\/span><\/p>\n<p class=\"p1\"><span class=\"s1\"><a href=\"mailto:mili.bijavica@fortuna.ba\"><span class=\"s2\">mili.bijavica@fortuna.ba<\/span><\/a><\/span><\/p>\n<p>[\/et_pb_text][\/et_pb_column][\/et_pb_row][et_pb_row column_structure=&#8221;1_3,2_3&#8243; disabled_on=&#8221;off|off|off&#8221; module_id=&#8221;ivan&#8221; _builder_version=&#8221;4.4.8&#8243; custom_margin_tablet=&#8221;|||&#8221; custom_margin_phone=&#8221;|||&#8221; custom_margin_last_edited=&#8221;on|desktop&#8221; custom_padding=&#8221;|||0px||&#8221; animation_style=&#8221;zoom&#8221; animation_direction=&#8221;top&#8221; animation_intensity_zoom=&#8221;10%&#8221; border_color_all=&#8221;rgba(51,51,51,0.05)&#8221; border_width_bottom=&#8221;2px&#8221;][et_pb_column type=&#8221;1_3&#8243; _builder_version=&#8221;3.25&#8243; custom_padding=&#8221;|||&#8221; custom_padding__hover=&#8221;|||&#8221;][et_pb_blurb title=&#8221;Ivan Jurilj&#8221; image=&#8221;https:\/\/smarttourism.live\/wp-content\/uploads\/2020\/06\/Ivan-Jurilj.jpg&#8221; _builder_version=&#8221;4.4.8&#8243; header_level=&#8221;h5&#8243; header_font=&#8221;Poppins|700|||||||&#8221; header_font_size=&#8221;20px&#8221; text_orientation=&#8221;center&#8221; custom_margin=&#8221;||10px|&#8221; border_radii_image=&#8221;on|300px|300px|300px|300px&#8221; locked=&#8221;off&#8221;]<\/p>\n<p class=\"p1\">Director, Office of the Government of the West Herzegovina County<\/p>\n<p>[\/et_pb_blurb][\/et_pb_column][et_pb_column type=&#8221;2_3&#8243; _builder_version=&#8221;3.25&#8243; custom_padding=&#8221;|||&#8221; custom_padding__hover=&#8221;|||&#8221;][et_pb_text _builder_version=&#8221;4.4.8&#8243; text_font=&#8221;||||||||&#8221; text_line_height=&#8221;1.9em&#8221; header_font=&#8221;||||||||&#8221; header_3_font=&#8221;||||||||&#8221; header_4_font=&#8221;||||||||&#8221; header_5_font=&#8221;Roboto||||||||&#8221; header_5_text_color=&#8221;#00b2e5&#8243; header_5_line_height=&#8221;1.4em&#8221; header_6_font=&#8221;||||||||&#8221;]<\/p>\n<p class=\"p1\"><span class=\"s1\">Ivan Jurilj is the director of the Office of the Government of the West Herzegovina County for European Integration. He is an expert in the processes of local and regional economic development and European integration, funds and programs of the European Union. He has over 15 years of experience in the preparation and implementation of EU projects and strategic planning of local and regional development.<\/span><\/p>\n<p class=\"p2\"><span class=\"s2\"><a href=\"mailto:ivan@eui-zzh.ba\">ivan@eui-zzh.ba<\/a><\/span><\/p>\n<p>[\/et_pb_text][\/et_pb_column][\/et_pb_row][et_pb_row column_structure=&#8221;1_3,2_3&#8243; module_id=&#8221;Csilla&#8221; _builder_version=&#8221;4.4.8&#8243; custom_margin_tablet=&#8221;|||&#8221; custom_margin_phone=&#8221;|||&#8221; custom_margin_last_edited=&#8221;on|desktop&#8221; custom_padding=&#8221;|||0px||&#8221; animation_style=&#8221;zoom&#8221; animation_direction=&#8221;top&#8221; animation_intensity_zoom=&#8221;10%&#8221; border_color_all=&#8221;rgba(51,51,51,0.05)&#8221; border_width_bottom=&#8221;2px&#8221;][et_pb_column type=&#8221;1_3&#8243; _builder_version=&#8221;3.25&#8243; custom_padding=&#8221;|||&#8221; custom_padding__hover=&#8221;|||&#8221;][et_pb_blurb title=&#8221;Csilla Mez\u00f6si&#8221; image=&#8221;https:\/\/smarttourism.live\/wp-content\/uploads\/2020\/06\/Photo_MezosiCsilla._medium.jpg&#8221; _builder_version=&#8221;4.4.8&#8243; header_level=&#8221;h5&#8243; header_font=&#8221;Poppins|700|||||||&#8221; header_font_size=&#8221;20px&#8221; text_orientation=&#8221;center&#8221; custom_margin=&#8221;||10px|&#8221; border_radii_image=&#8221;on|300px|300px|300px|300px&#8221; locked=&#8221;off&#8221;]<\/p>\n<p class=\"p1\">Secretary General, ESPA \u2013 European Spas Association<\/p>\n<p>[\/et_pb_blurb][\/et_pb_column][et_pb_column type=&#8221;2_3&#8243; _builder_version=&#8221;3.25&#8243; custom_padding=&#8221;|||&#8221; custom_padding__hover=&#8221;|||&#8221;][et_pb_text _builder_version=&#8221;4.4.4&#8243; text_font=&#8221;||||||||&#8221; text_line_height=&#8221;1.9em&#8221; header_font=&#8221;||||||||&#8221; header_3_font=&#8221;||||||||&#8221; header_4_font=&#8221;||||||||&#8221; header_5_font=&#8221;Roboto||||||||&#8221; header_5_text_color=&#8221;#00b2e5&#8243; header_5_line_height=&#8221;1.4em&#8221; header_6_font=&#8221;||||||||&#8221;]From 2018 Secretary General of ESPA, and Member of the Board from 2002. Networking between spa, rehabilitation centres and clinics, medical research and education partners, spa hotels and medical spas, spa operators and investors. Cooperation in EU working groups and by EU tenders. Strategic project management, from city-level to national government supported developments, 15 years of tourism management expertise in EU largest outbound market; B2B and B2C sales, PR, events, product development; 5 years of expertise in medical tourism in key markets; project management in health tourism (international PR, management consultancy, spa development, cross marketing between providers and health insurers, medical tourism). Advisory and consultant projects in medical tourism for Hungarian Tourism Board on international markets (marketing plan, PR, fam trips, study tours, road shows, creating catalogues and online platforms, speaker at health tourism and EU congresses).<\/p>\n<p><a href=\"mailto:mezosi@europeanspas.eu  \">mezosi@europeanspas.eu <\/a>[\/et_pb_text][\/et_pb_column][\/et_pb_row][et_pb_row column_structure=&#8221;1_3,2_3&#8243; module_id=&#8221;sisyka&#8221; _builder_version=&#8221;4.4.4&#8243; custom_margin_tablet=&#8221;|||&#8221; custom_margin_phone=&#8221;|||&#8221; custom_margin_last_edited=&#8221;on|desktop&#8221; custom_padding=&#8221;|||0px||&#8221; animation_style=&#8221;zoom&#8221; animation_direction=&#8221;top&#8221; animation_intensity_zoom=&#8221;10%&#8221; border_color_all=&#8221;rgba(51,51,51,0.05)&#8221; border_width_bottom=&#8221;2px&#8221;][et_pb_column type=&#8221;1_3&#8243; _builder_version=&#8221;3.25&#8243; custom_padding=&#8221;|||&#8221; custom_padding__hover=&#8221;|||&#8221;][et_pb_blurb title=&#8221;Siyka Katsarova&#8221; image=&#8221;https:\/\/smarttourism.live\/wp-content\/uploads\/2020\/06\/Katsarova_gross.png&#8221; module_id=&#8221;Siyka&#8221; _builder_version=&#8221;4.4.4&#8243; header_level=&#8221;h5&#8243; header_font=&#8221;Poppins|700|||||||&#8221; header_font_size=&#8221;20px&#8221; text_orientation=&#8221;center&#8221; custom_margin=&#8221;||10px|&#8221; border_radii_image=&#8221;on|300px|300px|300px|300px&#8221; locked=&#8221;off&#8221;]<\/p>\n<p>President of Bulgarian Union of Balneology and spa tourism (BUBSPA)<\/p>\n<p>[\/et_pb_blurb][\/et_pb_column][et_pb_column type=&#8221;2_3&#8243; _builder_version=&#8221;3.25&#8243; custom_padding=&#8221;|||&#8221; custom_padding__hover=&#8221;|||&#8221;][et_pb_text _builder_version=&#8221;4.4.4&#8243; text_font=&#8221;||||||||&#8221; text_line_height=&#8221;1.9em&#8221; header_font=&#8221;||||||||&#8221; header_3_font=&#8221;||||||||&#8221; header_4_font=&#8221;||||||||&#8221; header_5_font=&#8221;Roboto||||||||&#8221; header_5_text_color=&#8221;#00b2e5&#8243; header_5_line_height=&#8221;1.4em&#8221; header_6_font=&#8221;||||||||&#8221;]<\/p>\n<p class=\"p1\"><span class=\"s1\">Vice- President of ESPA and President of Bulgarian Union of Balneology and spa tourism (BUBSPA). 25 years in Bulgarian hospitality, and last 13 years devoted to the development of Bulgarian and European health tourism.\u00a0 Key expert of the working group who created the regulation for medical spa, spa and wellness tourism in the Bulgarian National Legislation. Member of the National Tourism Council in the Bulgarian Ministry of Tourism and of the Health commission at the German-Bulgarian Chamber of Industry and Commerce. Founder and managing partner of the \u201eMEDSPA BG\u201c, a leading facilitator providing medical treatments, check-up and rehabilitation with the most prominent doctors in Bulgaria. Specialized in infertility &#8211; IVF with own and donor eggs, IUI, egg freezing, embryo freezing; accepting complicated cases for treatment, and no discrimination.<\/span><\/p>\n<p class=\"p1\"><a href=\"mailto:sisykatsarova@yahoo.co.uk\">sisykatsarova@yahoo.co.uk<\/a><\/p>\n<p>[\/et_pb_text][\/et_pb_column][\/et_pb_row][et_pb_row column_structure=&#8221;1_3,2_3&#8243; module_id=&#8221;iztok&#8221; _builder_version=&#8221;4.4.4&#8243; custom_margin_tablet=&#8221;|||&#8221; custom_margin_phone=&#8221;|||&#8221; custom_margin_last_edited=&#8221;on|desktop&#8221; custom_padding=&#8221;|||0px||&#8221; animation_style=&#8221;zoom&#8221; animation_direction=&#8221;top&#8221; animation_intensity_zoom=&#8221;10%&#8221; border_color_all=&#8221;rgba(51,51,51,0.05)&#8221; border_width_bottom=&#8221;2px&#8221;][et_pb_column type=&#8221;1_3&#8243; _builder_version=&#8221;3.25&#8243; custom_padding=&#8221;|||&#8221; custom_padding__hover=&#8221;|||&#8221;][et_pb_blurb title=&#8221;Iztok Altbauer&#8221; image=&#8221;https:\/\/smarttourism.live\/wp-content\/uploads\/2020\/06\/Photo-Iztok-Altbauer.png&#8221; _builder_version=&#8221;4.4.4&#8243; header_level=&#8221;h5&#8243; header_font=&#8221;Poppins|700|||||||&#8221; header_font_size=&#8221;20px&#8221; text_orientation=&#8221;center&#8221; custom_margin=&#8221;||10px|&#8221; border_radii_image=&#8221;on|300px|300px|300px|300px&#8221; locked=&#8221;off&#8221;]<\/p>\n<p class=\"p1\"><span>Managing Director, Slovenian Spas Association<\/span><\/p>\n<p>[\/et_pb_blurb][\/et_pb_column][et_pb_column type=&#8221;2_3&#8243; _builder_version=&#8221;3.25&#8243; custom_padding=&#8221;|||&#8221; custom_padding__hover=&#8221;|||&#8221;][et_pb_text _builder_version=&#8221;4.4.4&#8243; text_font=&#8221;||||||||&#8221; text_line_height=&#8221;1.9em&#8221; header_font=&#8221;||||||||&#8221; header_3_font=&#8221;||||||||&#8221; header_4_font=&#8221;||||||||&#8221; header_5_font=&#8221;Roboto||||||||&#8221; header_5_text_color=&#8221;#00b2e5&#8243; header_5_line_height=&#8221;1.4em&#8221; header_6_font=&#8221;||||||||&#8221;]<\/p>\n<p class=\"p1\"><span class=\"s1\">Mr. Altbauer was appointed Managing Director at the Slovenian Spas Association (SSA) ten years ago. Previously, he was CEO of Globtour, one of the leading Slovenian Tour Operators, and Sales and Marketing Manager at the Slovenian Tourist Board. He founded the Slovenian Incoming Workshop, the leading incoming tourism event in Slovenia today. Mr. Altbauer established strong connections to the Spa, Health and Wellness industry in the Region. He is a regular speaker at conferences including ITB Experts Forum Wellness in 2017. One of his most important projects is \u201cSPA-CE\u201d \u2013 Specialized Workshop and Meeting place of Spa &amp; Wellness in Central Europe, the first and only business event of its kind in Central Europe. During Mr. Altbauer\u2019s work, SSA joined ESPA and he is the Founding Member of the Balkan Spa Institute.<\/span><\/p>\n<p><a href=\"mailto:iztok.altbauer@ssnz.si\">iztok.altbauer@ssnz.si <\/a><\/p>\n<p>[\/et_pb_text][\/et_pb_column][\/et_pb_row][et_pb_row column_structure=&#8221;1_3,2_3&#8243; module_id=&#8221;marcel&#8221; _builder_version=&#8221;4.4.4&#8243; custom_margin_tablet=&#8221;|||&#8221; custom_margin_phone=&#8221;|||&#8221; custom_margin_last_edited=&#8221;on|desktop&#8221; custom_padding=&#8221;|||0px||&#8221; animation_style=&#8221;zoom&#8221; animation_direction=&#8221;top&#8221; animation_intensity_zoom=&#8221;10%&#8221; border_color_all=&#8221;rgba(51,51,51,0.05)&#8221; border_width_bottom=&#8221;2px&#8221;][et_pb_column type=&#8221;1_3&#8243; _builder_version=&#8221;3.25&#8243; custom_padding=&#8221;|||&#8221; custom_padding__hover=&#8221;|||&#8221;][et_pb_blurb title=&#8221;Marcel Medak&#8221; image=&#8221;https:\/\/smarttourism.live\/wp-content\/uploads\/2020\/06\/marcel-medak.png&#8221; _builder_version=&#8221;4.4.4&#8243; header_level=&#8221;h5&#8243; header_font=&#8221;Poppins|700|||||||&#8221; header_font_size=&#8221;20px&#8221; text_orientation=&#8221;center&#8221; custom_margin=&#8221;||10px|&#8221; border_radii_image=&#8221;on|300px|300px|300px|300px&#8221; locked=&#8221;off&#8221;]<\/p>\n<p class=\"p1\"><span class=\"s1\">President of the Health Tourism Association of Croatia<\/span><\/p>\n<p>[\/et_pb_blurb][\/et_pb_column][et_pb_column type=&#8221;2_3&#8243; _builder_version=&#8221;3.25&#8243; custom_padding=&#8221;|||&#8221; custom_padding__hover=&#8221;|||&#8221;][et_pb_text _builder_version=&#8221;4.4.4&#8243; text_font=&#8221;||||||||&#8221; text_line_height=&#8221;1.9em&#8221; header_font=&#8221;||||||||&#8221; header_3_font=&#8221;||||||||&#8221; header_4_font=&#8221;||||||||&#8221; header_5_font=&#8221;Roboto||||||||&#8221; header_5_text_color=&#8221;#00b2e5&#8243; header_5_line_height=&#8221;1.4em&#8221; header_6_font=&#8221;||||||||&#8221;]<\/p>\n<p align=\"justify\" style=\"text-align: left;\">Marcel Medak has been the President of the Health Tourism Association at the Croatian Chamber of Economy since 2012. Also, he is member of the Council of the Croatian National Tourist Board and Executive Board Member of the European Historic Thermal Towns Association \u2013 EHTTA. After eight years as Director of Daruvar Spa and converting the thermal resort into the leading rehabilitation centre in the country, he became a Director of Bizova\u010dke Spa in 2018 which operates within the Bluesunhotels Group, a well-known Croatian hotel chain. <\/p>\n<p class=\"p2\" style=\"text-align: left;\"><span class=\"s2\"><a href=\"mailto:marcel.medak@bluesunhotels.com\">marcel.medak@bluesunhotels.com<\/a><\/span><span class=\"s3\"> <\/span><\/p>\n<p>[\/et_pb_text][\/et_pb_column][\/et_pb_row][et_pb_row column_structure=&#8221;1_3,2_3&#8243; module_id=&#8221;ognjen&#8221; _builder_version=&#8221;4.4.8&#8243; custom_margin_tablet=&#8221;|||&#8221; custom_margin_phone=&#8221;|||&#8221; custom_margin_last_edited=&#8221;on|desktop&#8221; custom_padding=&#8221;|||0px||&#8221; animation_style=&#8221;zoom&#8221; animation_direction=&#8221;top&#8221; animation_intensity_zoom=&#8221;10%&#8221; border_color_all=&#8221;rgba(51,51,51,0.05)&#8221; border_width_bottom=&#8221;2px&#8221;][et_pb_column type=&#8221;1_3&#8243; _builder_version=&#8221;3.25&#8243; custom_padding=&#8221;|||&#8221; custom_padding__hover=&#8221;|||&#8221;][et_pb_blurb title=&#8221;Ognjen Bagatin&#8221; image=&#8221;https:\/\/smarttourism.live\/wp-content\/uploads\/2020\/06\/Ognjen-Bagatin_300dpi.jpg&#8221; _builder_version=&#8221;4.4.8&#8243; header_level=&#8221;h5&#8243; header_font=&#8221;Poppins|700|||||||&#8221; header_font_size=&#8221;20px&#8221; text_orientation=&#8221;center&#8221; custom_margin=&#8221;||10px|&#8221; border_radii_image=&#8221;on|300px|300px|300px|300px&#8221; locked=&#8221;off&#8221;]<\/p>\n<p>CEO, Bagatin Clinic and initiator, Entrepreneurial Mindset<\/p>\n<p>[\/et_pb_blurb][\/et_pb_column][et_pb_column type=&#8221;2_3&#8243; _builder_version=&#8221;3.25&#8243; custom_padding=&#8221;|||&#8221; custom_padding__hover=&#8221;|||&#8221;][et_pb_text _builder_version=&#8221;4.4.8&#8243; text_font=&#8221;||||||||&#8221; text_line_height=&#8221;1.9em&#8221; header_font=&#8221;||||||||&#8221; header_3_font=&#8221;||||||||&#8221; header_4_font=&#8221;||||||||&#8221; header_5_font=&#8221;Roboto||||||||&#8221; header_5_text_color=&#8221;#00b2e5&#8243; header_5_line_height=&#8221;1.4em&#8221; header_6_font=&#8221;||||||||&#8221;]<\/p>\n<p>Ognjen Bagatin is a 38-year old CEO of Bagatin Clinic, which is according to Deloitte one of the fastest growing small and medium-sized medical institutions which currently has 120 employees in two locations in Zagreb and one in Split. With an extensive knowledge and understanding of the private health system, he\u2019s a consultant for 20 clinics across both Croatia and Europe in the field of cosmetic surgery, dermatology and dentistry.\u00a0 He is a member of the President Board of MBA Croatia, member of the Medical Tourism Council at the Croatian Chamber of Economy and member of the executive board of Croatian Employers Association for private clinics, hospitals and health care facilities. Being the CEO of the best international clinic for cosmetic surgery in 2019, he is a firm believer that \u201c<em>hard work, persistence and continuous improvement can lead you all the way to the top!\u201d<\/em><\/p>\n<p><a href=\"mailto:ognjen.bagatin@bagatin.hr\">ognjen.bagatin@bagatin.hr<\/a><\/p>\n<p>[\/et_pb_text][\/et_pb_column][\/et_pb_row][et_pb_row column_structure=&#8221;1_3,2_3&#8243; module_id=&#8221;andrea&#8221; _builder_version=&#8221;4.4.4&#8243; custom_margin_tablet=&#8221;|||&#8221; custom_margin_phone=&#8221;|||&#8221; custom_margin_last_edited=&#8221;on|desktop&#8221; custom_padding=&#8221;|||0px||&#8221; animation_style=&#8221;zoom&#8221; animation_direction=&#8221;top&#8221; animation_intensity_zoom=&#8221;10%&#8221; border_color_all=&#8221;rgba(51,51,51,0.05)&#8221; border_width_bottom=&#8221;2px&#8221;][et_pb_column type=&#8221;1_3&#8243; _builder_version=&#8221;3.25&#8243; custom_padding=&#8221;|||&#8221; custom_padding__hover=&#8221;|||&#8221;][et_pb_blurb title=&#8221;Andrea \u0160kerlj&#8221; image=&#8221;https:\/\/smarttourism.live\/wp-content\/uploads\/2020\/06\/andrea-skerlj.png&#8221; _builder_version=&#8221;4.4.4&#8243; header_level=&#8221;h5&#8243; header_font=&#8221;Poppins|700|||||||&#8221; header_font_size=&#8221;20px&#8221; text_orientation=&#8221;center&#8221; custom_margin=&#8221;||10px|&#8221; border_radii_image=&#8221;on|300px|300px|300px|300px&#8221; locked=&#8221;off&#8221;]<\/p>\n<p class=\"p1\">Project Manager, HOW Festival<\/p>\n<p>[\/et_pb_blurb][\/et_pb_column][et_pb_column type=&#8221;2_3&#8243; _builder_version=&#8221;3.25&#8243; custom_padding=&#8221;|||&#8221; custom_padding__hover=&#8221;|||&#8221;][et_pb_text _builder_version=&#8221;4.4.4&#8243; text_font=&#8221;||||||||&#8221; text_line_height=&#8221;1.9em&#8221; header_font=&#8221;||||||||&#8221; header_3_font=&#8221;||||||||&#8221; header_4_font=&#8221;||||||||&#8221; header_5_font=&#8221;Roboto||||||||&#8221; header_5_text_color=&#8221;#00b2e5&#8243; header_5_line_height=&#8221;1.4em&#8221; header_6_font=&#8221;||||||||&#8221;]She completed Sustainable Tourism Development, and during her studies, she got a job at the HESA Group, where she still works today. She is the Project Manager of the HOW \/ Hotel Operations Weekend \/ Festival. HOW is the only conference on hotel operations in Europe that brings together over 600 participants each year; mostly hotel directors and hotel department heads. The aim of the Festival is to convey trends in operations, best practice cases and to facilitate the implementation of new products and services to hoteliers.<\/p>\n<p class=\"p2\"><a href=\"mailto:andrea@hesa-group.com\" target=\"_blank\" rel=\"noopener noreferrer\"><span>andrea@hesa-group.com<\/span><\/a><\/p>\n<p>[\/et_pb_text][\/et_pb_column][\/et_pb_row][et_pb_row column_structure=&#8221;1_3,2_3&#8243; module_id=&#8221;adriano&#8221; _builder_version=&#8221;4.4.8&#8243; custom_margin_tablet=&#8221;|||&#8221; custom_margin_phone=&#8221;|||&#8221; custom_margin_last_edited=&#8221;on|desktop&#8221; custom_padding=&#8221;|||0px||&#8221; animation_style=&#8221;zoom&#8221; animation_direction=&#8221;top&#8221; animation_intensity_zoom=&#8221;10%&#8221; border_color_all=&#8221;rgba(51,51,51,0.05)&#8221; border_width_bottom=&#8221;2px&#8221;][et_pb_column type=&#8221;1_3&#8243; _builder_version=&#8221;3.25&#8243; custom_padding=&#8221;|||&#8221; custom_padding__hover=&#8221;|||&#8221;][et_pb_blurb title=&#8221;Adriano Po\u017eari\u0107&#8221; image=&#8221;https:\/\/smarttourism.live\/wp-content\/uploads\/2020\/06\/AdrianoPozaric_Photo_2017.png&#8221; _builder_version=&#8221;4.4.4&#8243; header_level=&#8221;h5&#8243; header_font=&#8221;Poppins|700|||||||&#8221; header_font_size=&#8221;20px&#8221; text_orientation=&#8221;center&#8221; custom_margin=&#8221;||10px|&#8221; border_radii_image=&#8221;on|300px|300px|300px|300px&#8221; locked=&#8221;off&#8221;]<\/p>\n<p class=\"p1\"><span>Editor at TURIZAM info magazine and director of Internet Adria conference<\/span><\/p>\n<p>[\/et_pb_blurb][\/et_pb_column][et_pb_column type=&#8221;2_3&#8243; _builder_version=&#8221;3.25&#8243; custom_padding=&#8221;|||&#8221; custom_padding__hover=&#8221;|||&#8221;][et_pb_text _builder_version=&#8221;4.4.4&#8243; text_font=&#8221;||||||||&#8221; text_line_height=&#8221;1.9em&#8221; header_font=&#8221;||||||||&#8221; header_3_font=&#8221;||||||||&#8221; header_4_font=&#8221;||||||||&#8221; header_5_font=&#8221;Roboto||||||||&#8221; header_5_text_color=&#8221;#00b2e5&#8243; header_5_line_height=&#8221;1.4em&#8221; header_6_font=&#8221;||||||||&#8221;]<\/p>\n<p class=\"p1\"><span class=\"s1\">After working in tourism in Opatija, at positions from waiters to Hotel Manager, in 1996 he starts a marketing agency specializing in tourism marketing. In 2003 he launches Tourism Info \u2013 a professional magazine for the tourism sector as a platform for information of profession.<br \/>\nHe becomes actively involved in the development of Opatija\u2019s tourism industry during 2001 when he became a member of the Tourism Council. In 2005 he founded the city\u2019s congress office, making Opatija the only Croatian city with a congress office, besides Zagreb and Dubrovnik. He was the Head of the presentation and promotion of the Opatija Riviera and Croatia at many European tourism fairs and workshops. He is a frequent guest lecturer at colleges and tourism congresses in recent years.<br \/>\nHe is the founder and director of HoReCa Adria, an Internet Adria conference and several training and workshops in tourism.<\/p>\n<p><\/span><\/p>\n<p class=\"p1\"><span class=\"s1\"><a href=\"mailto:adriano.pozaric@turizaminfo.hr\">adriano.pozaric@turizaminfo.hr<\/a><\/span><\/p>\n<p>[\/et_pb_text][\/et_pb_column][\/et_pb_row][et_pb_row column_structure=&#8221;1_3,2_3&#8243; module_id=&#8221;adem&#8221; _builder_version=&#8221;4.4.4&#8243; custom_margin_tablet=&#8221;|||&#8221; custom_margin_phone=&#8221;|||&#8221; custom_margin_last_edited=&#8221;on|desktop&#8221; custom_padding=&#8221;|||0px||&#8221; animation_style=&#8221;zoom&#8221; animation_direction=&#8221;top&#8221; animation_intensity_zoom=&#8221;10%&#8221; link_option_url=&#8221;christopher&#8221; border_color_all=&#8221;rgba(51,51,51,0.05)&#8221; border_width_bottom=&#8221;2px&#8221;][et_pb_column type=&#8221;1_3&#8243; _builder_version=&#8221;3.25&#8243; custom_padding=&#8221;|||&#8221; custom_padding__hover=&#8221;|||&#8221;][et_pb_blurb title=&#8221;Adem Braco Sulji\u0107&#8221; image=&#8221;https:\/\/smarttourism.live\/wp-content\/uploads\/2020\/06\/adem-braco.png&#8221; _builder_version=&#8221;4.4.8&#8243; header_level=&#8221;h5&#8243; header_font=&#8221;Poppins|700|||||||&#8221; header_font_size=&#8221;20px&#8221; text_orientation=&#8221;center&#8221; custom_margin=&#8221;||10px|&#8221; border_radii_image=&#8221;on|300px|300px|300px|300px&#8221; locked=&#8221;off&#8221;]<\/p>\n<p class=\"p1\"><span>Director MEETEX-a<\/span><\/p>\n<p>[\/et_pb_blurb][\/et_pb_column][et_pb_column type=&#8221;2_3&#8243; _builder_version=&#8221;3.25&#8243; custom_padding=&#8221;|||&#8221; custom_padding__hover=&#8221;|||&#8221;][et_pb_text _builder_version=&#8221;4.4.8&#8243; text_font=&#8221;||||||||&#8221; text_line_height=&#8221;1.9em&#8221; header_font=&#8221;||||||||&#8221; header_3_font=&#8221;||||||||&#8221; header_4_font=&#8221;||||||||&#8221; header_5_font=&#8221;Roboto||||||||&#8221; header_5_text_color=&#8221;#00b2e5&#8243; header_5_line_height=&#8221;1.4em&#8221; header_6_font=&#8221;||||||||&#8221; custom_padding=&#8221;11px|||||&#8221;]<\/p>\n<p align=\"justify\" style=\"text-align: left;\">Adem Braco Suljic has 30+ years of experience in MICE, from family owned meeting support and organization company, over international career as GM at BRAHLER Spain handling projects such as Olympic games and conferences with 20.000 participants, followed by setting up and controlling distribution network for BRAHLER in SE Europe, all the way to planning and executing meetings infrastructure projects on three continents. Since 2017 he decided to make the best use of his-experience in destination marketing and knowledge transfer, in mutual efforts with CMPA Croatian Meeting Professionals Association. Among other roles, Braco is initiator, co-founder and director of MEETEX \u2013 Croatian Meetings Industry Summit.<\/p>\n<p>Braco is regular and CCMEP Certified member of CMPA-Croatian Meeting Professionals Association, a member of SKAL International, and is a frequent speaker at industry gatherings. In free time passionate about sailing, gastronomy and cooking.<\/p>\n<p style=\"text-align: left;\"><a href=\"mailto:braco@meetex.eu\">braco@meetex.eu<\/a><\/p>\n<p>[\/et_pb_text][\/et_pb_column][\/et_pb_row][et_pb_row column_structure=&#8221;1_3,2_3&#8243; module_id=&#8221;ingrid&#8221; _builder_version=&#8221;4.4.4&#8243; custom_margin_tablet=&#8221;|||&#8221; custom_margin_phone=&#8221;|||&#8221; custom_margin_last_edited=&#8221;on|desktop&#8221; custom_padding=&#8221;|||0px||&#8221; animation_style=&#8221;zoom&#8221; animation_direction=&#8221;top&#8221; animation_intensity_zoom=&#8221;10%&#8221; border_color_all=&#8221;rgba(51,51,51,0.05)&#8221; border_width_bottom=&#8221;2px&#8221;][et_pb_column type=&#8221;1_3&#8243; _builder_version=&#8221;3.25&#8243; custom_padding=&#8221;|||&#8221; custom_padding__hover=&#8221;|||&#8221;][et_pb_blurb title=&#8221;Ingrid Badurina Danielsson&#8221; image=&#8221;https:\/\/smarttourism.live\/wp-content\/uploads\/2020\/04\/ingrid.jpg&#8221; _builder_version=&#8221;4.4.4&#8243; header_level=&#8221;h5&#8243; header_font=&#8221;Poppins|700|||||||&#8221; header_font_size=&#8221;20px&#8221; text_orientation=&#8221;center&#8221; custom_margin=&#8221;||10px|&#8221; border_radii_image=&#8221;on|300px|300px|300px|300px&#8221; locked=&#8221;off&#8221;]<\/p>\n<p class=\"p1\"><span>Director, Taste the Mediterranean festival<\/span><\/p>\n<p>[\/et_pb_blurb][\/et_pb_column][et_pb_column type=&#8221;2_3&#8243; _builder_version=&#8221;3.25&#8243; custom_padding=&#8221;|||&#8221; custom_padding__hover=&#8221;|||&#8221;][et_pb_text _builder_version=&#8221;4.4.4&#8243; text_font=&#8221;||||||||&#8221; text_line_height=&#8221;1.9em&#8221; header_font=&#8221;||||||||&#8221; header_3_font=&#8221;||||||||&#8221; header_4_font=&#8221;||||||||&#8221; header_5_font=&#8221;Roboto||||||||&#8221; header_5_text_color=&#8221;#00b2e5&#8243; header_5_line_height=&#8221;1.4em&#8221; header_6_font=&#8221;||||||||&#8221;]<\/p>\n<p class=\"p1\"><span class=\"s1\">Director and founder of Taste the Mediterranean, the unique international festival of Mediterranean food, gastronomy, products, cultural heritage and way of life, that promotes Croatia as one of the leading Mediterranean food &#038; wine destinations. From 2017 Director of the Gault&#038;Millau Croatia gastronomic guide, organizer of numerous food and wine festivals in Croatia such as 1001 Delicacies, the Zagreb Wine Gourmet Festival and events like Little school of wine for women and Little school of great chefs, as well as international presentations of Croatian chefs and Croatian food &#038; wine at Chefs World Summit (Monaco), Croatie la voici (France), Food in Sud (France), Salone del gusto (Slow Food \u2013 Italy), Vini da terre estreme (Italy), Taste of Moscow, Wine Fiestas (Singapore, Manila, Kuala Lumpur), Croatia Wine Gourmet (Sweden)\u2026 From 2005 owner and Director of Laniva ltd, a PR agency that promotes food &#038; wine, gastronomy and tourism. Former journalist (Croatian magazines Start and Globus) and correspondent for the Italian La Stampa.<br \/>\n<\/span><\/p>\n<p class=\"p1\"><span class=\"s1\"><a href=\"mailto:ingrid.badurina@tastethemediterranean.eu\">ingrid.badurina@tastethemediterranean.eu<\/a><\/span><\/p>\n<p>[\/et_pb_text][\/et_pb_column][\/et_pb_row][et_pb_row column_structure=&#8221;1_3,2_3&#8243; module_id=&#8221;damjana&#8221; _builder_version=&#8221;4.4.4&#8243; custom_margin_tablet=&#8221;|||&#8221; custom_margin_phone=&#8221;|||&#8221; custom_margin_last_edited=&#8221;on|desktop&#8221; custom_padding=&#8221;|||0px||&#8221; animation_style=&#8221;zoom&#8221; animation_direction=&#8221;top&#8221; animation_intensity_zoom=&#8221;10%&#8221; border_color_all=&#8221;rgba(51,51,51,0.05)&#8221; border_width_bottom=&#8221;2px&#8221;][et_pb_column type=&#8221;1_3&#8243; _builder_version=&#8221;3.25&#8243; custom_padding=&#8221;|||&#8221; custom_padding__hover=&#8221;|||&#8221;][et_pb_blurb title=&#8221;Damjana Domanovac&#8221; image=&#8221;https:\/\/smarttourism.live\/wp-content\/uploads\/2020\/04\/damjana.jpg&#8221; _builder_version=&#8221;4.4.4&#8243; header_level=&#8221;h5&#8243; header_font=&#8221;Poppins|700|||||||&#8221; header_font_size=&#8221;20px&#8221; text_orientation=&#8221;center&#8221; custom_margin=&#8221;||10px|&#8221; border_radii_image=&#8221;on|300px|300px|300px|300px&#8221; locked=&#8221;off&#8221;]<\/p>\n<p class=\"p1\"><span class=\"s1\">Director, PLACE2GO<\/span><\/p>\n<p>[\/et_pb_blurb][\/et_pb_column][et_pb_column type=&#8221;2_3&#8243; _builder_version=&#8221;3.25&#8243; custom_padding=&#8221;|||&#8221; custom_padding__hover=&#8221;|||&#8221;][et_pb_text _builder_version=&#8221;4.4.4&#8243; text_font=&#8221;||||||||&#8221; text_line_height=&#8221;1.9em&#8221; header_font=&#8221;||||||||&#8221; header_3_font=&#8221;||||||||&#8221; header_4_font=&#8221;||||||||&#8221; header_5_font=&#8221;Roboto||||||||&#8221; header_5_text_color=&#8221;#00b2e5&#8243; header_5_line_height=&#8221;1.4em&#8221; header_6_font=&#8221;||||||||&#8221;]<\/p>\n<p class=\"p1\"><span class=\"s1\">Direktorica Me\u0111unarodnog sajma turizam PLACE2GO i vlasnica istoimenog turisti\u010dkog magazine svoju je poslovnu karijeru zapo\u010dela u izdava\u0161tvu 1995. Kao vlasnica nekoliko magazine (Vjen\u010danja, Cvije\u0107e) i Sajma vjen\u010danja, projekte je uspje\u0161no prodala 2008. godine tvrtki Adriamedia Zagreb. Od 2006. godine kre\u0107e u novi izdava\u010dki projekt, ovoga puta u turizmu te pokre\u0107e magazin Putovanja za dvoje koji 2016. godine do\u017eivljava rebranding i postaje PLACE2GO. Fran\u0161ize istoimenog magazina prodane su u vi\u0161e zemalja (Francuskoj, Italiji, Njema\u010dkoj, Srbiji, Sloveniji, BiH). 2012. godine pokre\u0107e Me\u0111unarodni Sajam turizma PLACE2GO koji je danas najve\u0107i sajam turizma u Hrvatskoj.<\/span><\/p>\n<p class=\"p1\"><span class=\"s1\"><a href=\"mailto:damjana@place2go.hr\">damjana@place2go.hr<\/a><\/span><span class=\"s2\"> <\/span><\/p>\n<p>[\/et_pb_text][\/et_pb_column][\/et_pb_row][et_pb_row column_structure=&#8221;1_3,2_3&#8243; module_id=&#8221;frano&#8221; _builder_version=&#8221;4.4.8&#8243; custom_margin_tablet=&#8221;|||&#8221; custom_margin_phone=&#8221;|||&#8221; custom_margin_last_edited=&#8221;on|desktop&#8221; custom_padding=&#8221;|||0px||&#8221; animation_style=&#8221;zoom&#8221; animation_direction=&#8221;top&#8221; animation_intensity_zoom=&#8221;10%&#8221; border_color_all=&#8221;rgba(51,51,51,0.05)&#8221; border_width_bottom=&#8221;2px&#8221;][et_pb_column type=&#8221;1_3&#8243; _builder_version=&#8221;3.25&#8243; custom_padding=&#8221;|||&#8221; custom_padding__hover=&#8221;|||&#8221;][et_pb_blurb title=&#8221;Frano Ridjan &#8221; image=&#8221;https:\/\/smarttourism.live\/wp-content\/uploads\/2020\/06\/IMG-20200612-WA0000.jpg&#8221; _builder_version=&#8221;4.4.8&#8243; header_level=&#8221;h5&#8243; header_font=&#8221;Poppins|700|||||||&#8221; header_font_size=&#8221;20px&#8221; text_orientation=&#8221;center&#8221; custom_margin=&#8221;||10px|&#8221; border_radii_image=&#8221;on|300px|300px|300px|300px&#8221; locked=&#8221;off&#8221;]<\/p>\n<p>TV shows and business conferences presenter<\/p>\n<p>[\/et_pb_blurb][\/et_pb_column][et_pb_column type=&#8221;2_3&#8243; _builder_version=&#8221;3.25&#8243; custom_padding=&#8221;|||&#8221; custom_padding__hover=&#8221;|||&#8221;][et_pb_text _builder_version=&#8221;4.4.8&#8243; text_font=&#8221;||||||||&#8221; text_line_height=&#8221;1.9em&#8221; header_font=&#8221;||||||||&#8221; header_3_font=&#8221;||||||||&#8221; header_4_font=&#8221;||||||||&#8221; header_5_font=&#8221;Roboto||||||||&#8221; header_5_text_color=&#8221;#00b2e5&#8243; header_5_line_height=&#8221;1.4em&#8221; header_6_font=&#8221;||||||||&#8221;]<\/p>\n<p><span>Frano Ridjan is a popular radio and TV presenter. As a student, he worked at the Croatian National Radio Station HR2 and for many years his fans followed him at HRT shows &#8220;Dobro jutro, Hrvatska\u201d (Good Morning, Croatia), &#8220;Dobar dan, Hrvatska\u201d (Good Day, Croatia) and &#8220;Kod nas doma\u201d (At our place). Today, he is the host of the super-popular shows at Nova TV \u201cSupertalent\u201d and \u201c<\/span><span>Your face sounds familiar<\/span><span>\u201d. He is also popular presenter at many tourism conferences in Croatia. He is very popular and liked by many because of his positive energy and casual approach. He graduated Journalism at the Faculty of Political Science in Zagreb. <\/span><\/p>\n<p><span>His interests are in art, languages, dance and travel. He says that he enjoys getting to know other cultures, because after each trip he loves the culture and tradition of his country own even more.<\/span><\/p>\n<p><span><a href=\"mailto:frano.ridjan@gmail.com\">frano.ridjan@gmail.com<\/a><\/span><\/p>\n<p>[\/et_pb_text][\/et_pb_column][\/et_pb_row][et_pb_row column_structure=&#8221;1_3,2_3&#8243; module_id=&#8221;patricia&#8221; _builder_version=&#8221;4.4.4&#8243; custom_margin_tablet=&#8221;|||&#8221; custom_margin_phone=&#8221;|||&#8221; custom_margin_last_edited=&#8221;on|desktop&#8221; custom_padding=&#8221;|||0px||&#8221; animation_style=&#8221;zoom&#8221; animation_direction=&#8221;top&#8221; animation_intensity_zoom=&#8221;10%&#8221; border_color_all=&#8221;rgba(51,51,51,0.05)&#8221; border_width_bottom=&#8221;2px&#8221;][et_pb_column type=&#8221;1_3&#8243; _builder_version=&#8221;3.25&#8243; custom_padding=&#8221;|||&#8221; custom_padding__hover=&#8221;|||&#8221;][et_pb_blurb title=&#8221;Patricia Diesel&#8221; image=&#8221;https:\/\/smarttourism.live\/wp-content\/uploads\/2020\/06\/Patricia-Diesel.png&#8221; _builder_version=&#8221;4.4.4&#8243; header_level=&#8221;h5&#8243; header_font=&#8221;Poppins|700|||||||&#8221; header_font_size=&#8221;20px&#8221; text_orientation=&#8221;center&#8221; custom_margin=&#8221;||10px|&#8221; border_radii_image=&#8221;on|300px|300px|300px|300px&#8221; locked=&#8221;off&#8221;]<\/p>\n<p class=\"p1\">Author of Keep It Simple Now<\/p>\n<p>[\/et_pb_blurb][\/et_pb_column][et_pb_column type=&#8221;2_3&#8243; _builder_version=&#8221;3.25&#8243; custom_padding=&#8221;|||&#8221; custom_padding__hover=&#8221;|||&#8221;][et_pb_text _builder_version=&#8221;4.4.4&#8243; text_font=&#8221;||||||||&#8221; text_line_height=&#8221;1.9em&#8221; header_font=&#8221;||||||||&#8221; header_3_font=&#8221;||||||||&#8221; header_4_font=&#8221;||||||||&#8221; header_5_font=&#8221;Roboto||||||||&#8221; header_5_text_color=&#8221;#00b2e5&#8243; header_5_line_height=&#8221;1.4em&#8221; header_6_font=&#8221;||||||||&#8221;]<\/p>\n<p>Patricia is a leading organizing expert and lifestyle coach. Her proven strategies and life transforming lessons help restore tranquility and a sense of order to people\u2019s lives. Patricia loves to educate and inspire people on the benefits of being organized and living healthy, conscious lives. You can learn more and receive free resources to improve your life at<\/p>\n<p><a href=\"http:\/\/www.PatriciaDiesel.com\">www.PatriciaDiesel.com<\/a><\/p>\n<p><a href=\"mailto:keepitsimplenow@gmail.com\">keepitsimplenow@gmail.com<\/a><\/p>\n<p>[\/et_pb_text][\/et_pb_column][\/et_pb_row][et_pb_row column_structure=&#8221;1_3,2_3&#8243; module_id=&#8221;leila-kresic-juric&#8221; _builder_version=&#8221;4.4.4&#8243; custom_margin_tablet=&#8221;|||&#8221; custom_margin_phone=&#8221;|||&#8221; custom_margin_last_edited=&#8221;on|desktop&#8221; animation_style=&#8221;zoom&#8221; animation_direction=&#8221;top&#8221; animation_intensity_zoom=&#8221;10%&#8221; border_color_all=&#8221;rgba(51,51,51,0.05)&#8221; border_width_bottom=&#8221;2px&#8221;][et_pb_column type=&#8221;1_3&#8243; _builder_version=&#8221;3.25&#8243; custom_padding=&#8221;|||&#8221; custom_padding__hover=&#8221;|||&#8221;][et_pb_blurb title=&#8221;Leila Kre\u0161i\u0107-Juri\u0107&#8221; image=&#8221;https:\/\/smarttourism.live\/wp-content\/uploads\/2020\/04\/Leila.jpg&#8221; image_max_width_tablet=&#8221;&#8221; image_max_width_phone=&#8221;&#8221; image_max_width_last_edited=&#8221;on|phone&#8221; _builder_version=&#8221;4.4.4&#8243; header_level=&#8221;h5&#8243; header_font=&#8221;Poppins|700|||||||&#8221; header_font_size=&#8221;20px&#8221; text_orientation=&#8221;center&#8221; custom_margin=&#8221;||10px|&#8221; border_radii_image=&#8221;on|300px|300px|300px|300px&#8221; locked=&#8221;off&#8221;]<\/p>\n<p>Director, <span>HTI Konferencija<\/span><\/p>\n<p>[\/et_pb_blurb][\/et_pb_column][et_pb_column type=&#8221;2_3&#8243; _builder_version=&#8221;3.25&#8243; custom_padding=&#8221;|||&#8221; custom_padding__hover=&#8221;|||&#8221;][et_pb_text _builder_version=&#8221;4.4.4&#8243; text_font=&#8221;||||||||&#8221; text_line_height=&#8221;1.9em&#8221; header_font=&#8221;||||||||&#8221; header_3_font=&#8221;||||||||&#8221; header_4_font=&#8221;||||||||&#8221; header_5_font=&#8221;Roboto||||||||&#8221; header_5_text_color=&#8221;#00b2e5&#8243; header_5_line_height=&#8221;1.4em&#8221; header_6_font=&#8221;||||||||&#8221;]<\/p>\n<p class=\"p1\"><span class=\"s1\">Director of the international HTI Conference &#038; Expo and the European initiative that promotes health tourism &#8211; European HTI Summit. She is fascinated by tourism, committed to excellence and sustainable growth, and particularly to networking and opportunities to influence the tourism sector. She has participated in various projects of the European Commission, and as the director of the Tourism Sector at the Croatian Chamber of Economy and a member of the Tourism Committee of the Croatian Parliament, she has contributed to the development of sectoral strategies, policies and legislation. Previous work experience includes hospitality, circular economy, human resources and corporate governance. An economist with an EMBA degree from the Hult International Business School (London), she speaks five languages and lives in Zagreb.<br \/>\n<\/span><\/p>\n<p class=\"p1\"><span class=\"s1\"><a href=\"mailto:leila.kresic.juric@hticonference.com\">leila.kresic.juric@hticonference.com<\/a><\/span><\/p>\n<p>[\/et_pb_text][\/et_pb_column][\/et_pb_row][\/et_pb_section][et_pb_section fb_built=&#8221;1&#8243; admin_label=&#8221;Plavi dio&#8221; _builder_version=&#8221;4.4.4&#8243; background_enable_color=&#8221;off&#8221; use_background_color_gradient=&#8221;on&#8221; background_color_gradient_start=&#8221;#007fe0&#8243; background_color_gradient_end=&#8221;#0047e0&#8243; background_color_gradient_direction=&#8221;90deg&#8221; background_image=&#8221;https:\/\/smarttourism.live\/wp-content\/uploads\/2020\/04\/Artboard-1-copy-3-1.png&#8221; background_enable_image=&#8221;off&#8221; parallax=&#8221;on&#8221; custom_margin=&#8221;|||&#8221; custom_padding=&#8221;100px||100px||true&#8221; global_module=&#8221;2229&#8243; saved_tabs=&#8221;all&#8221; collapsed=&#8221;on&#8221;][et_pb_row _builder_version=&#8221;4.4.8&#8243; width=&#8221;41%&#8221; width_tablet=&#8221;80%&#8221; width_phone=&#8221;&#8221; width_last_edited=&#8221;on|phone&#8221; module_alignment=&#8221;center&#8221; custom_margin=&#8221;||||false|false&#8221; custom_margin_tablet=&#8221;||-50px||false|false&#8221; custom_margin_phone=&#8221;||-50px||false|false&#8221; custom_margin_last_edited=&#8221;on|desktop&#8221; custom_padding=&#8221;||||false|false&#8221;][et_pb_column type=&#8221;4_4&#8243; _builder_version=&#8221;3.25&#8243; custom_padding=&#8221;|||&#8221; custom_padding__hover=&#8221;|||&#8221;][et_pb_text _builder_version=&#8221;4.4.8&#8243; text_font=&#8221;||||||||&#8221; text_font_size=&#8221;18px&#8221; text_line_height=&#8221;1.9em&#8221; header_font=&#8221;Poppins||||||||&#8221; header_2_font=&#8221;Poppins|600|||||||&#8221; header_2_text_color=&#8221;#ffffff&#8221; header_2_font_size=&#8221;22px&#8221; header_2_line_height=&#8221;1.4em&#8221; text_orientation=&#8221;center&#8221; max_width_tablet=&#8221;&#8221; max_width_phone=&#8221;&#8221; max_width_last_edited=&#8221;on|desktop&#8221; module_alignment=&#8221;center&#8221; custom_margin=&#8221;0px|0px|0px|0px|false|false&#8221; custom_padding=&#8221;0px|0px|0px|0px|false|false&#8221; header_2_font_size_tablet=&#8221;20px&#8221; header_2_font_size_phone=&#8221;22px&#8221; header_2_font_size_last_edited=&#8221;on|phone&#8221;]<\/p>\n<h2>Why SMART TOURISM 5.0?<\/h2>\n<p>[\/et_pb_text][et_pb_text _builder_version=&#8221;4.4.8&#8243; text_font=&#8221;||||||||&#8221; text_font_size=&#8221;15px&#8221; text_line_height=&#8221;1.8em&#8221; link_font=&#8221;||||||||&#8221; ul_font=&#8221;||||||||&#8221; ol_font=&#8221;||||||||&#8221; quote_font=&#8221;||||||||&#8221; header_font=&#8221;||||||||&#8221; header_font_size=&#8221;45px&#8221; header_2_font=&#8221;Roboto|300|||||||&#8221; header_2_font_size=&#8221;19px&#8221; header_2_line_height=&#8221;1.4em&#8221; background_layout=&#8221;dark&#8221; min_height=&#8221;4px&#8221; custom_margin=&#8221;||15px|||&#8221; custom_padding=&#8221;||0px|||&#8221; header_2_font_size_tablet=&#8221;40px&#8221; header_2_font_size_phone=&#8221;32px&#8221; header_2_font_size_last_edited=&#8221;on|phone&#8221; locked=&#8221;off&#8221;]<\/p>\n<p>There is no doubt that tourism is entering the era of &#8220;super-smart society 5.0&#8221; in which everything is human-centred. Although it is most often identified with the application of digitalization and advanced technological solutions, robotics and artificial intelligence, smart tourism is definitely conditioned by the development of circular economy and sustainability, thus creating a healthy environment for human life and human society.<\/p>\n<p>[\/et_pb_text][\/et_pb_column][\/et_pb_row][et_pb_row _builder_version=&#8221;4.4.8&#8243; width=&#8221;41%&#8221; width_tablet=&#8221;80%&#8221; width_phone=&#8221;&#8221; width_last_edited=&#8221;on|phone&#8221; module_alignment=&#8221;center&#8221; custom_margin=&#8221;||||false|false&#8221; custom_margin_tablet=&#8221;||-50px||false|false&#8221; custom_margin_phone=&#8221;||-50px||false|false&#8221; custom_margin_last_edited=&#8221;on|desktop&#8221; custom_padding=&#8221;||||false|false&#8221;][et_pb_column type=&#8221;4_4&#8243; _builder_version=&#8221;3.25&#8243; custom_padding=&#8221;|||&#8221; custom_padding__hover=&#8221;|||&#8221;][et_pb_text _builder_version=&#8221;4.4.8&#8243; text_font=&#8221;||||||||&#8221; text_font_size=&#8221;18px&#8221; text_line_height=&#8221;1.9em&#8221; header_font=&#8221;Poppins||||||||&#8221; header_2_font=&#8221;Poppins|600|||||||&#8221; header_2_text_color=&#8221;#ffffff&#8221; header_2_font_size=&#8221;22px&#8221; header_2_line_height=&#8221;1.4em&#8221; text_orientation=&#8221;center&#8221; max_width_tablet=&#8221;&#8221; max_width_phone=&#8221;&#8221; max_width_last_edited=&#8221;on|desktop&#8221; module_alignment=&#8221;center&#8221; custom_margin=&#8221;0px|0px|0px|0px|false|false&#8221; custom_padding=&#8221;0px|0px|0px|0px|false|false&#8221; header_2_font_size_tablet=&#8221;20px&#8221; header_2_font_size_phone=&#8221;22px&#8221; header_2_font_size_last_edited=&#8221;on|phone&#8221;]<\/p>\n<h2>The organizers of SMART TOURISM 5.0:<\/h2>\n<p>[\/et_pb_text][et_pb_text _builder_version=&#8221;4.4.8&#8243; text_font=&#8221;||||||||&#8221; text_font_size=&#8221;15px&#8221; text_line_height=&#8221;1em&#8221; link_font=&#8221;||||||||&#8221; ul_font=&#8221;||||||||&#8221; ol_font=&#8221;||||||||&#8221; quote_font=&#8221;||||||||&#8221; header_font=&#8221;||||||||&#8221; header_font_size=&#8221;45px&#8221; header_2_font=&#8221;Roboto|300|||||||&#8221; header_2_font_size=&#8221;19px&#8221; header_2_line_height=&#8221;1.4em&#8221; background_layout=&#8221;dark&#8221; min_height=&#8221;4px&#8221; custom_margin=&#8221;||15px|||&#8221; custom_padding=&#8221;||0px|||&#8221; header_2_font_size_tablet=&#8221;40px&#8221; header_2_font_size_phone=&#8221;32px&#8221; header_2_font_size_last_edited=&#8221;on|phone&#8221; locked=&#8221;off&#8221;]<\/p>\n<ul>\n<li><span>host their partners, renowned international experts and local leaders<\/span><span><\/span><\/li>\n<li><span>bring key trends, global and European experiences, ideas and plans of doing business in the future, and<\/span><\/li>\n<li><span>discuss how to prepare for new tourism models after the crisis caused by months of isolation and disruption of all travel.<\/span><\/li>\n<\/ul>\n<p>[\/et_pb_text][\/et_pb_column][\/et_pb_row][\/et_pb_section][et_pb_section fb_built=&#8221;1&#8243; custom_padding_last_edited=&#8221;on|tablet&#8221; admin_label=&#8221;Partneri 2&#8243; module_id=&#8221;brandovi&#8221; _builder_version=&#8221;4.4.4&#8243; background_color=&#8221;#ffffff&#8221; background_enable_image=&#8221;off&#8221; background_size=&#8221;initial&#8221; background_position=&#8221;center_left&#8221; custom_padding=&#8221;55px|0vw|55px|||&#8221; custom_padding_tablet=&#8221;|0vw||&#8221; custom_padding_phone=&#8221;&#8221; border_color_all=&#8221;rgba(0,123,224,0.23)&#8221; border_width_left=&#8221;0vw&#8221; global_module=&#8221;2246&#8243; saved_tabs=&#8221;all&#8221; locked=&#8221;off&#8221; collapsed=&#8221;on&#8221;][et_pb_row column_structure=&#8221;1_4,1_4,1_4,1_4&#8243; _builder_version=&#8221;4.4.4&#8243; width_tablet=&#8221;&#8221; width_phone=&#8221;81%&#8221; width_last_edited=&#8221;on|phone&#8221; max_width=&#8221;1600px&#8221; module_alignment=&#8221;center&#8221;][et_pb_column type=&#8221;1_4&#8243; _builder_version=&#8221;3.25&#8243; custom_padding=&#8221;|||&#8221; custom_padding__hover=&#8221;|||&#8221;][et_pb_image src=&#8221;https:\/\/smarttourism.live\/wp-content\/uploads\/2020\/06\/New-Project-70.jpg&#8221; title_text=&#8221;New Project (70)&#8221; url=&#8221;http:\/\/www.turizam365.com\/&#8221; align_tablet=&#8221;center&#8221; align_phone=&#8221;&#8221; align_last_edited=&#8221;on|desktop&#8221; _builder_version=&#8221;4.4.4&#8243; width=&#8221;100%&#8221; width_tablet=&#8221;&#8221; width_phone=&#8221;&#8221; width_last_edited=&#8221;on|desktop&#8221; custom_margin=&#8221;||-1px|||&#8221;][\/et_pb_image][et_pb_divider color=&#8221;#e09900&#8243; show_divider_tablet=&#8221;off&#8221; show_divider_phone=&#8221;off&#8221; show_divider_last_edited=&#8221;on|phone&#8221; _builder_version=&#8221;4.4.4&#8243;][\/et_pb_divider][et_pb_text disabled_on=&#8221;off|off|off&#8221; _builder_version=&#8221;4.4.4&#8243; text_font=&#8221;||||||||&#8221; text_font_size=&#8221;12px&#8221; text_line_height=&#8221;1.9em&#8221; header_font=&#8221;||||||||&#8221; header_2_font=&#8221;Roboto|300|||||||&#8221; header_2_font_size=&#8221;50px&#8221; header_2_line_height=&#8221;1.4em&#8221; height_tablet=&#8221;&#8221; height_phone=&#8221;&#8221; height_last_edited=&#8221;on|desktop&#8221; custom_margin_tablet=&#8221;&#8221; custom_margin_phone=&#8221;&#8221; custom_margin_last_edited=&#8221;on|phone&#8221; header_2_font_size_tablet=&#8221;40px&#8221; header_2_font_size_phone=&#8221;32px&#8221; header_2_font_size_last_edited=&#8221;on|phone&#8221; custom_margin__hover_enabled=&#8221;off|desktop&#8221;]<\/p>\n<p>The first conference on year-round tourism that gathers prominent local and regional tourism experts, and a wide range of tourism professionals&#8230;<\/p>\n<p>[\/et_pb_text][et_pb_toggle title=&#8221;More&#8221; open_toggle_text_color=&#8221;#007fe0&#8243; open_toggle_background_color=&#8221;rgba(0,0,0,0)&#8221; closed_toggle_background_color=&#8221;rgba(0,0,0,0)&#8221; icon_color=&#8221;#007fe0&#8243; use_icon_font_size=&#8221;on&#8221; icon_font_size=&#8221;12px&#8221; disabled_on=&#8221;off|off|on&#8221; _builder_version=&#8221;4.4.4&#8243; title_text_color=&#8221;#007fe0&#8243; title_font_size=&#8221;12px&#8221; body_font_size=&#8221;12px&#8221; border_color_all=&#8221;#007fe0&#8243;]The conference always brings fresh ideas, successful experiences and expert discussions of tourism leaders from the region and Europe (Croatia, Slovenia, Austria, Germany, Great Britain, Ireland, Portugal, Spain, Hungary, Bosnia-Herzegovina, Albania and Montenegro) about all-seasons tourism.<\/p>\n<p>The conference updates the development of destinations and communities, creating new products that do not depend only on sun &amp; beach, telling authentic stories, and smart and creative recycling of local specifics into a new quality and experience tailored to modern tourists, which allows to extend the season on the coast and start the development of continental destinations.<br \/>\n&nbsp;<\/p>\n<ul>\n<li class=\"p4\"><span class=\"s2\"><a href=\"http:\/\/www.turizam365.com\">www.turizam365.com<\/a><\/span><\/li>\n<li class=\"p4\"><span class=\"s2\"><a href=\"mailto:info@turizam365.com\">info@turizam365.com<\/a>\u00a0<\/span><\/li>\n<\/ul>\n<p>[\/et_pb_toggle][\/et_pb_column][et_pb_column type=&#8221;1_4&#8243; _builder_version=&#8221;3.25&#8243; custom_padding=&#8221;|||&#8221; custom_padding__hover=&#8221;|||&#8221;][et_pb_image src=&#8221;https:\/\/smarttourism.live\/wp-content\/uploads\/2020\/06\/New-Project-8.png&#8221; title_text=&#8221;New Project (8)&#8221; url=&#8221;https:\/\/www.conventa.si\/&#8221; src_tablet=&#8221;https:\/\/smarttourism.live\/wp-content\/uploads\/2020\/04\/taste-the-mediterranean-logo.png&#8221; src_phone=&#8221;https:\/\/smarttourism.live\/wp-content\/uploads\/2020\/04\/taste-the-mediterranean-logo.png&#8221; src_last_edited=&#8221;on|phone&#8221; align_tablet=&#8221;center&#8221; align_phone=&#8221;&#8221; align_last_edited=&#8221;on|desktop&#8221; _builder_version=&#8221;4.4.4&#8243; width=&#8221;100%&#8221; width_tablet=&#8221;&#8221; width_phone=&#8221;&#8221; width_last_edited=&#8221;on|desktop&#8221; max_width=&#8221;100%&#8221; custom_margin=&#8221;||-1px|||&#8221;][\/et_pb_image][et_pb_divider color=&#8221;#e09900&#8243; show_divider_tablet=&#8221;off&#8221; show_divider_phone=&#8221;&#8221; show_divider_last_edited=&#8221;on|desktop&#8221; _builder_version=&#8221;4.4.4&#8243;][\/et_pb_divider][et_pb_text disabled_on=&#8221;off|off|off&#8221; _builder_version=&#8221;4.4.8&#8243; text_font=&#8221;||||||||&#8221; text_font_size=&#8221;12px&#8221; text_line_height=&#8221;1.9em&#8221; header_font=&#8221;||||||||&#8221; header_2_font=&#8221;Roboto|300|||||||&#8221; header_2_font_size=&#8221;50px&#8221; header_2_line_height=&#8221;1.4em&#8221; module_alignment=&#8221;center&#8221; header_2_font_size_tablet=&#8221;40px&#8221; header_2_font_size_phone=&#8221;32px&#8221; header_2_font_size_last_edited=&#8221;on|phone&#8221;]<\/p>\n<p>New Europe exhibition for meetings, events &amp; incentive travel&#8230;<\/p>\n<p>[\/et_pb_text][et_pb_toggle title=&#8221;More&#8221; open_toggle_text_color=&#8221;#007fe0&#8243; open_toggle_background_color=&#8221;rgba(0,0,0,0)&#8221; closed_toggle_background_color=&#8221;rgba(0,0,0,0)&#8221; icon_color=&#8221;#007fe0&#8243; use_icon_font_size=&#8221;on&#8221; icon_font_size=&#8221;12px&#8221; disabled_on=&#8221;off|off|on&#8221; _builder_version=&#8221;4.4.4&#8243; title_text_color=&#8221;#007fe0&#8243; title_font_size=&#8221;12px&#8221; body_font_size=&#8221;12px&#8221; border_color_all=&#8221;#007fe0&#8243;]Conventa is the first and largest regional business tourism exchange, which is held every year in Ljubljana. In one place, it presents the congress offer of more than 15 countries of &#8220;New Europe&#8221; to invited organizers of events, congresses and incentive trips from Europe and beyond. Every year, more than 130 exhibitors gather at the Conventa (hotels, congress bureaus, congress centers, DMC and PCO agencies) and on the other hand 250 organizers from more than 45 countries.<br \/>\n&nbsp;<\/p>\n<ul>\n<li><u><span><a href=\"http:\/\/www.conventa.si\/\">www.conventa.si\/<\/a><\/span><\/u><\/li>\n<li><a href=\"mailto:info@conventa.info\">info@conventa.info<\/a><\/li>\n<\/ul>\n<p>[\/et_pb_toggle][\/et_pb_column][et_pb_column type=&#8221;1_4&#8243; _builder_version=&#8221;3.25&#8243; custom_padding=&#8221;|||&#8221; custom_padding__hover=&#8221;|||&#8221;][et_pb_image src=&#8221;https:\/\/smarttourism.live\/wp-content\/uploads\/2020\/06\/apriori.png&#8221; title_text=&#8221;apriori&#8221; url=&#8221;https:\/\/apriori.ba\/&#8221; align_tablet=&#8221;center&#8221; align_phone=&#8221;&#8221; align_last_edited=&#8221;on|desktop&#8221; _builder_version=&#8221;4.4.4&#8243; width_tablet=&#8221;&#8221; width_phone=&#8221;80%&#8221; width_last_edited=&#8221;on|desktop&#8221; custom_margin=&#8221;||0px|||&#8221;][\/et_pb_image][et_pb_divider color=&#8221;#e09900&#8243; show_divider_tablet=&#8221;off&#8221; show_divider_phone=&#8221;&#8221; show_divider_last_edited=&#8221;on|phone&#8221; _builder_version=&#8221;4.4.4&#8243;][\/et_pb_divider][et_pb_text disabled_on=&#8221;off|off|off&#8221; _builder_version=&#8221;4.4.4&#8243; text_font=&#8221;||||||||&#8221; text_font_size=&#8221;12px&#8221; text_line_height=&#8221;1.9em&#8221; header_font=&#8221;||||||||&#8221; header_2_font=&#8221;Roboto|300|||||||&#8221; header_2_font_size=&#8221;50px&#8221; header_2_line_height=&#8221;1.4em&#8221; header_2_font_size_tablet=&#8221;40px&#8221; header_2_font_size_phone=&#8221;32px&#8221; header_2_font_size_last_edited=&#8221;on|phone&#8221;]<\/p>\n<p>The APRIORI TOURISM conference for several years brings together domestic and regional experts from the tourism sector, with the aim of developing destination tourism in Bosnia and Herzegovina&#8230;<\/p>\n<p>[\/et_pb_text][et_pb_toggle title=&#8221;More&#8221; open_toggle_text_color=&#8221;#007fe0&#8243; open_toggle_background_color=&#8221;rgba(0,0,0,0)&#8221; closed_toggle_background_color=&#8221;rgba(0,0,0,0)&#8221; icon_color=&#8221;#007fe0&#8243; use_icon_font_size=&#8221;on&#8221; icon_font_size=&#8221;12px&#8221; disabled_on=&#8221;off|off|on&#8221; _builder_version=&#8221;4.4.4&#8243; title_text_color=&#8221;#007fe0&#8243; title_font_size=&#8221;12px&#8221; body_font_size=&#8221;12px&#8221; border_color_all=&#8221;#007fe0&#8243;]Apriori BH &#8211; Agency for Professional Development, Event Management and Communications is the organizer of the conference, which is attended by representatives of the public, private and higher education sectors in the field of tourism. The aim of the conference is to present good examples and projects in the region, and to network experts and practitioners at the regional level. The program is thematically oriented towards new and interesting areas where there is potential for development. The conference is recognized by the profession and the public as a unique and leading tourism conference in Bosnia and Herzegovina.<br \/>\n&nbsp;<\/p>\n<ul>\n<li><a href=\"http:\/\/www.turizam2019\/apriori.ba\">www.turizam2019\/apriori.ba<\/a><\/li>\n<li><a href=\"mailto:josipa@apriori.ba\">josipa@apriori.ba<\/a><\/li>\n<\/ul>\n<p>[\/et_pb_toggle][\/et_pb_column][et_pb_column type=&#8221;1_4&#8243; _builder_version=&#8221;3.25&#8243; custom_padding=&#8221;|||&#8221; custom_padding__hover=&#8221;|||&#8221;][et_pb_image src=&#8221;https:\/\/smarttourism.live\/wp-content\/uploads\/2020\/06\/ESPA_EN-1.png&#8221; title_text=&#8221;ESPA_EN&#8221; url=&#8221;https:\/\/www.europeanspas.eu\/&#8221; align_tablet=&#8221;center&#8221; align_phone=&#8221;&#8221; align_last_edited=&#8221;on|desktop&#8221; _builder_version=&#8221;4.4.8&#8243; width_tablet=&#8221;&#8221; width_phone=&#8221;80%&#8221; width_last_edited=&#8221;on|phone&#8221; module_alignment=&#8221;center&#8221; custom_margin=&#8221;||-1px|||&#8221;][\/et_pb_image][et_pb_divider color=&#8221;#e09900&#8243; show_divider_tablet=&#8221;off&#8221; show_divider_phone=&#8221;off&#8221; show_divider_last_edited=&#8221;on|phone&#8221; _builder_version=&#8221;4.4.4&#8243;][\/et_pb_divider][et_pb_text disabled_on=&#8221;off|off|off&#8221; _builder_version=&#8221;4.4.4&#8243; text_font=&#8221;||||||||&#8221; text_font_size=&#8221;12px&#8221; text_line_height=&#8221;1.9em&#8221; header_font=&#8221;||||||||&#8221; header_2_font=&#8221;Roboto|300|||||||&#8221; header_2_font_size=&#8221;50px&#8221; header_2_line_height=&#8221;1.4em&#8221; header_2_font_size_tablet=&#8221;40px&#8221; header_2_font_size_phone=&#8221;32px&#8221; header_2_font_size_last_edited=&#8221;on|phone&#8221;]<\/p>\n<p>ESPA is a non-profit and non-governmental association based in Belgium. It represents 20 countries in Europe, among them national and regional spas associations, health resorts and spa facilities, with natural remedies&#8230;<\/p>\n<p>[\/et_pb_text][et_pb_toggle title=&#8221;More&#8221; open_toggle_text_color=&#8221;#007fe0&#8243; open_toggle_background_color=&#8221;rgba(0,0,0,0)&#8221; closed_toggle_background_color=&#8221;rgba(0,0,0,0)&#8221; icon_color=&#8221;#007fe0&#8243; use_icon_font_size=&#8221;on&#8221; icon_font_size=&#8221;12px&#8221; disabled_on=&#8221;off|off|on&#8221; _builder_version=&#8221;4.4.4&#8243; title_text_color=&#8221;#007fe0&#8243; title_font_size=&#8221;12px&#8221; body_font_size=&#8221;12px&#8221; border_color_all=&#8221;#007fe0&#8243;]<\/p>\n<p>Its global objective is to promote spas, medical spas and balneology in Europe and to take care that the natural remedies based on mineral water, thermal water, peloids and climate will be available to a great number of citizens and visitors as possible. The principle of an association is \u201cUnity is strength!\u201d and therefore is ESPA taking up the challenge to fulfil the tasks that result from the opening of borders in Europe and the extension of the EU, to achieve the defined common aims of its members.<\/p>\n<p>&nbsp;<\/p>\n<ul>\n<li><a href=\"https:\/\/www.europeanspas.eu\/\">https:\/\/www.europeanspas.eu\/<\/a><\/li>\n<li><a href=\"mailto:office@europeanspas.eu\">office@europeanspas.eu<\/a><\/li>\n<\/ul>\n<p>[\/et_pb_toggle][\/et_pb_column][\/et_pb_row][et_pb_row column_structure=&#8221;1_4,1_4,1_4,1_4&#8243; disabled_on=&#8221;on|on|off&#8221; _builder_version=&#8221;4.4.4&#8243; width_tablet=&#8221;&#8221; width_phone=&#8221;81%&#8221; width_last_edited=&#8221;on|phone&#8221; max_width=&#8221;1600px&#8221; module_alignment=&#8221;center&#8221;][et_pb_column type=&#8221;1_4&#8243; _builder_version=&#8221;3.25&#8243; custom_padding=&#8221;|||&#8221; custom_padding__hover=&#8221;|||&#8221;][et_pb_toggle title=&#8221;More&#8221; open_toggle_text_color=&#8221;#007fe0&#8243; open_toggle_background_color=&#8221;rgba(0,0,0,0)&#8221; closed_toggle_background_color=&#8221;rgba(0,0,0,0)&#8221; icon_color=&#8221;#007fe0&#8243; use_icon_font_size=&#8221;on&#8221; icon_font_size=&#8221;12px&#8221; disabled_on=&#8221;off|off|off&#8221; _builder_version=&#8221;4.4.4&#8243; title_text_color=&#8221;#007fe0&#8243; title_font_size=&#8221;12px&#8221; body_font_size=&#8221;12px&#8221; border_color_all=&#8221;#007fe0&#8243;]The conference always brings fresh ideas, successful experiences and expert discussions of tourism leaders from the region and Europe (Croatia, Slovenia, Austria, Germany, Great Britain, Ireland, Portugal, Spain, Hungary, Bosnia-Herzegovina, Albania and Montenegro) about all-seasons tourism.<\/p>\n<p>The conference updates the development of destinations and communities, creating new products that do not depend only on sun &amp; beach, telling authentic stories, and smart and creative recycling of local specifics into a new quality and experience tailored to modern tourists, which allows to extend the season on the coast and start the development of continental destinations.<br \/>\n&nbsp;<\/p>\n<ul>\n<li class=\"p4\"><span class=\"s2\"><a href=\"http:\/\/www.turizam365.com\">www.turizam365.com<\/a><\/span><\/li>\n<li class=\"p4\"><span class=\"s2\"><a href=\"mailto:info@turizam365.com\">info@turizam365.com<\/a>\u00a0<\/span><\/li>\n<\/ul>\n<p>[\/et_pb_toggle][\/et_pb_column][et_pb_column type=&#8221;1_4&#8243; _builder_version=&#8221;3.25&#8243; custom_padding=&#8221;|||&#8221; custom_padding__hover=&#8221;|||&#8221;][et_pb_toggle title=&#8221;More&#8221; open_toggle_text_color=&#8221;#007fe0&#8243; open_toggle_background_color=&#8221;rgba(0,0,0,0)&#8221; closed_toggle_background_color=&#8221;rgba(0,0,0,0)&#8221; icon_color=&#8221;#007fe0&#8243; use_icon_font_size=&#8221;on&#8221; icon_font_size=&#8221;12px&#8221; disabled_on=&#8221;off|off|off&#8221; _builder_version=&#8221;4.4.4&#8243; title_text_color=&#8221;#007fe0&#8243; title_font_size=&#8221;12px&#8221; body_font_size=&#8221;12px&#8221; border_color_all=&#8221;#007fe0&#8243;]Conventa is the first and largest regional business tourism exchange, which is held every year in Ljubljana. In one place, it presents the congress offer of more than 15 countries of &#8220;New Europe&#8221; to invited organizers of events, congresses and incentive trips from Europe and beyond. Every year, more than 130 exhibitors gather at the Conventa (hotels, congress bureaus, congress centers, DMC and PCO agencies) and on the other hand 250 organizers from more than 45 countries.<br \/>\n&nbsp;<\/p>\n<ul>\n<li><u><span><a href=\"http:\/\/www.conventa.si\/\">www.conventa.si\/<\/a><\/span><\/u><\/li>\n<li><a href=\"mailto:info@conventa.info\">info@conventa.info<\/a><\/li>\n<\/ul>\n<p>[\/et_pb_toggle][\/et_pb_column][et_pb_column type=&#8221;1_4&#8243; _builder_version=&#8221;3.25&#8243; custom_padding=&#8221;|||&#8221; custom_padding__hover=&#8221;|||&#8221;][et_pb_toggle title=&#8221;More&#8221; open_toggle_text_color=&#8221;#007fe0&#8243; open_toggle_background_color=&#8221;rgba(0,0,0,0)&#8221; closed_toggle_background_color=&#8221;rgba(0,0,0,0)&#8221; icon_color=&#8221;#007fe0&#8243; use_icon_font_size=&#8221;on&#8221; icon_font_size=&#8221;12px&#8221; disabled_on=&#8221;off|off|off&#8221; _builder_version=&#8221;4.4.4&#8243; title_text_color=&#8221;#007fe0&#8243; title_font_size=&#8221;12px&#8221; body_font_size=&#8221;12px&#8221; border_color_all=&#8221;#007fe0&#8243;]Apriori BH &#8211; Agency for Professional Development, Event Management and Communications is the organizer of the conference, which is attended by representatives of the public, private and higher education sectors in the field of tourism. The aim of the conference is to present good examples and projects in the region, and to network experts and practitioners at the regional level. The program is thematically oriented towards new and interesting areas where there is potential for development. The conference is recognized by the profession and the public as a unique and leading tourism conference in Bosnia and Herzegovina.<br \/>\n&nbsp;<\/p>\n<ul>\n<li><a href=\"http:\/\/www.turizam2019\/apriori.ba\">www.turizam2019\/apriori.ba<\/a><\/li>\n<li><a href=\"mailto:josipa@apriori.ba\">josipa@apriori.ba<\/a><\/li>\n<\/ul>\n<p>[\/et_pb_toggle][\/et_pb_column][et_pb_column type=&#8221;1_4&#8243; _builder_version=&#8221;3.25&#8243; custom_padding=&#8221;|||&#8221; custom_padding__hover=&#8221;|||&#8221;][et_pb_toggle title=&#8221;More&#8221; open_toggle_text_color=&#8221;#007fe0&#8243; open_toggle_background_color=&#8221;rgba(0,0,0,0)&#8221; closed_toggle_background_color=&#8221;rgba(0,0,0,0)&#8221; icon_color=&#8221;#007fe0&#8243; use_icon_font_size=&#8221;on&#8221; icon_font_size=&#8221;12px&#8221; disabled_on=&#8221;off|off|off&#8221; _builder_version=&#8221;4.4.4&#8243; title_text_color=&#8221;#007fe0&#8243; title_font_size=&#8221;12px&#8221; body_font_size=&#8221;12px&#8221; border_color_all=&#8221;#007fe0&#8243;]<\/p>\n<p>Its global objective is to promote spas, medical spas and balneology in Europe and to take care that the natural remedies based on mineral water, thermal water, peloids and climate will be available to a great number of citizens and visitors as possible. The principle of an association is \u201cUnity is strength!\u201d and therefore is ESPA taking up the challenge to fulfil the tasks that result from the opening of borders in Europe and the extension of the EU, to achieve the defined common aims of its members.<\/p>\n<p>&nbsp;<\/p>\n<ul>\n<li><a href=\"https:\/\/www.europeanspas.eu\/\">https:\/\/www.europeanspas.eu\/<\/a><\/li>\n<li><a href=\"mailto:office@europeanspas.eu\">office@europeanspas.eu<\/a><\/li>\n<\/ul>\n<p>[\/et_pb_toggle][\/et_pb_column][\/et_pb_row][\/et_pb_section][et_pb_section fb_built=&#8221;1&#8243; _builder_version=&#8221;4.4.4&#8243; custom_padding=&#8221;||5px|||&#8221; collapsed=&#8221;on&#8221;][et_pb_row _builder_version=&#8221;4.4.4&#8243;][et_pb_column type=&#8221;4_4&#8243; _builder_version=&#8221;4.4.4&#8243;][et_pb_divider color=&#8221;#d6d6d6&#8243; _builder_version=&#8221;4.4.4&#8243;][\/et_pb_divider][\/et_pb_column][\/et_pb_row][\/et_pb_section][et_pb_section fb_built=&#8221;1&#8243; admin_label=&#8221;Program2&#8243; module_id=&#8221;program&#8221; _builder_version=&#8221;4.4.4&#8243; max_width_tablet=&#8221;&#8221; max_width_phone=&#8221;100%&#8221; max_width_last_edited=&#8221;on|phone&#8221; custom_margin=&#8221;|||&#8221; custom_padding=&#8221;54px|0px|100px|0px|false|false&#8221; global_module=&#8221;2484&#8243; saved_tabs=&#8221;all&#8221; locked=&#8221;off&#8221; collapsed=&#8221;on&#8221;][et_pb_row _builder_version=&#8221;3.25&#8243; custom_margin=&#8221;|auto|-1px|auto||&#8221;][et_pb_column type=&#8221;4_4&#8243; _builder_version=&#8221;3.25&#8243; custom_padding=&#8221;|||&#8221; custom_padding__hover=&#8221;|||&#8221;][et_pb_text _builder_version=&#8221;4.4.4&#8243; text_font=&#8221;||||||||&#8221; text_font_size=&#8221;20px&#8221; text_line_height=&#8221;1.9em&#8221; header_font=&#8221;Poppins|700|||||||&#8221; header_2_font=&#8221;Poppins|700|||||||&#8221; header_2_font_size=&#8221;40px&#8221; header_2_line_height=&#8221;1.2em&#8221; text_orientation=&#8221;center&#8221; max_width=&#8221;700px&#8221; max_width_tablet=&#8221;&#8221; max_width_phone=&#8221;&#8221; max_width_last_edited=&#8221;on|desktop&#8221; module_alignment=&#8221;center&#8221; header_2_font_size_tablet=&#8221;40px&#8221; header_2_font_size_phone=&#8221;32px&#8221; header_2_font_size_last_edited=&#8221;on|phone&#8221;]<\/p>\n<h2>PROGRAM<\/h2>\n<p>Wednesday, June 17th 2020<\/p>\n<p>[\/et_pb_text][\/et_pb_column][\/et_pb_row][et_pb_row column_structure=&#8221;1_4,3_4&#8243; _builder_version=&#8221;4.4.4&#8243; custom_margin_tablet=&#8221;|||&#8221; custom_margin_phone=&#8221;|||&#8221; custom_margin_last_edited=&#8221;on|desktop&#8221; animation_style=&#8221;zoom&#8221; animation_direction=&#8221;top&#8221; animation_intensity_zoom=&#8221;10%&#8221; border_color_all=&#8221;rgba(51,51,51,0.05)&#8221; border_width_bottom=&#8221;2px&#8221; use_custom_width=&#8221;on&#8221; custom_width_px=&#8221;900px&#8221;][et_pb_column type=&#8221;1_4&#8243; _builder_version=&#8221;3.25&#8243; custom_padding=&#8221;|||&#8221; custom_padding__hover=&#8221;|||&#8221;][et_pb_text _builder_version=&#8221;4.4.4&#8243; text_font=&#8221;Poppins||||||||&#8221; text_text_color=&#8221;#007fe0&#8243; text_font_size=&#8221;20px&#8221; text_line_height=&#8221;1.9em&#8221; header_font=&#8221;Poppins||||||||&#8221; header_text_color=&#8221;#000000&#8243; header_3_font=&#8221;||||||||&#8221; header_4_font=&#8221;||||||||&#8221; header_5_font=&#8221;Poppins|600|||||||&#8221; header_5_text_align=&#8221;right&#8221; header_5_text_color=&#8221;#000000&#8243; header_5_line_height=&#8221;1.4em&#8221; header_6_font=&#8221;||||||||&#8221; background_color=&#8221;rgba(0,0,0,0)&#8221; header_line_height_tablet=&#8221;&#8221; header_line_height_phone=&#8221;&#8221; header_line_height_last_edited=&#8221;on|desktop&#8221; header_5_text_align_tablet=&#8221;left&#8221; header_5_text_align_phone=&#8221;&#8221; header_5_text_align_last_edited=&#8221;on|phone&#8221; header_5_font_size_tablet=&#8221;&#8221; header_5_font_size_phone=&#8221;&#8221; header_5_font_size_last_edited=&#8221;on|tablet&#8221; header_5_line_height_last_edited=&#8221;off|tablet&#8221; module_alignment_tablet=&#8221;left&#8221; module_alignment_phone=&#8221;&#8221; module_alignment_last_edited=&#8221;on|tablet&#8221; border_color_all=&#8221;#e09900&#8243;]<\/p>\n<h5>10:00h<\/h5>\n<p>[\/et_pb_text][et_pb_image src=&#8221;https:\/\/smarttourism.live\/wp-content\/uploads\/2020\/06\/New-Project-70.jpg&#8221; title_text=&#8221;New Project (70)&#8221; url=&#8221;http:\/\/www.turizam365.com\/&#8221; _builder_version=&#8221;4.4.4&#8243; width=&#8221;100%&#8221; width_tablet=&#8221;40%&#8221; width_phone=&#8221;60%&#8221; width_last_edited=&#8221;on|phone&#8221; custom_margin=&#8221;0px|0px|0px|0px|false|false&#8221; custom_padding=&#8221;0px|0px|0px|0px|false|false&#8221;][\/et_pb_image][\/et_pb_column][et_pb_column type=&#8221;3_4&#8243; _builder_version=&#8221;3.25&#8243; custom_padding=&#8221;|||&#8221; custom_padding__hover=&#8221;|||&#8221;][et_pb_text _builder_version=&#8221;4.4.8&#8243; text_font=&#8221;Poppins||||||||&#8221; text_text_color=&#8221;#007fe0&#8243; text_font_size=&#8221;20px&#8221; text_line_height=&#8221;1.9em&#8221; header_font=&#8221;Poppins||||||||&#8221; header_text_color=&#8221;#007fe0&#8243; header_3_font=&#8221;||||||||&#8221; header_4_font=&#8221;||||||||&#8221; header_5_font=&#8221;Poppins|600|||||||&#8221; header_5_text_color=&#8221;#007fe0&#8243; header_5_line_height=&#8221;1.4em&#8221; header_6_font=&#8221;||||||||&#8221; background_color=&#8221;rgba(0,0,0,0)&#8221; header_line_height_tablet=&#8221;&#8221; header_line_height_phone=&#8221;&#8221; header_line_height_last_edited=&#8221;on|desktop&#8221; border_color_all=&#8221;#e09900&#8243; locked=&#8221;off&#8221;]<\/p>\n<h5>Experience Croatia, Feel Slovenia<\/h5>\n<h6>Keynotes hosted by Tourism 365?<\/h6>\n<p>[\/et_pb_text][et_pb_text _builder_version=&#8221;4.4.8&#8243; text_font=&#8221;||||||||&#8221; text_line_height=&#8221;1.9em&#8221; header_font=&#8221;||||||||&#8221; header_6_font=&#8221;Roboto||||||||&#8221; header_6_text_color=&#8221;#00b2e5&#8243; header_6_font_size=&#8221;20px&#8221; header_6_line_height=&#8221;1.2em&#8221; custom_margin=&#8221;|299px||||&#8221;]<\/p>\n<p>Are the borders within the EU really open, the effects of new campaigns, what about domestic tourists<\/p>\n<p>&nbsp;<\/p>\n<ul>\n<li><strong style=\"font-size: 14px;\">Maja Pak<\/strong><span style=\"font-size: 14px;\">, Slovenian Tourism Board \/ Slovenia<\/span><\/li>\n<li class=\"p1\"><span class=\"s1\"><span class=\"Apple-tab-span\"> <\/span><strong>Kristjan Stani\u010di\u0107<\/strong>, Director, Croatian Tourism Board<\/span><\/li>\n<li><span class=\"s1\"><strong>Ivana Kolar<\/strong>, Conference Director, Tourism 365?<\/span><\/li>\n<\/ul>\n<p>[\/et_pb_text][\/et_pb_column][\/et_pb_row][et_pb_row column_structure=&#8221;1_4,3_4&#8243; _builder_version=&#8221;4.4.4&#8243; custom_margin_tablet=&#8221;|||&#8221; custom_margin_phone=&#8221;|||&#8221; custom_margin_last_edited=&#8221;on|desktop&#8221; animation_style=&#8221;zoom&#8221; animation_direction=&#8221;top&#8221; animation_intensity_zoom=&#8221;10%&#8221; border_color_all=&#8221;rgba(51,51,51,0.05)&#8221; border_width_bottom=&#8221;2px&#8221; use_custom_width=&#8221;on&#8221; custom_width_px=&#8221;900px&#8221;][et_pb_column type=&#8221;1_4&#8243; _builder_version=&#8221;3.25&#8243; custom_padding=&#8221;|||&#8221; custom_padding__hover=&#8221;|||&#8221;][et_pb_text _builder_version=&#8221;4.4.4&#8243; text_font=&#8221;Poppins||||||||&#8221; text_text_color=&#8221;#007fe0&#8243; text_font_size=&#8221;20px&#8221; text_line_height=&#8221;1.9em&#8221; header_font=&#8221;Poppins||||||||&#8221; header_text_color=&#8221;#000000&#8243; header_3_font=&#8221;||||||||&#8221; header_4_font=&#8221;||||||||&#8221; header_5_font=&#8221;Poppins|600|||||||&#8221; header_5_text_align=&#8221;right&#8221; header_5_text_color=&#8221;#000000&#8243; header_5_line_height=&#8221;1.4em&#8221; header_6_font=&#8221;||||||||&#8221; background_color=&#8221;rgba(0,0,0,0)&#8221; header_line_height_tablet=&#8221;&#8221; header_line_height_phone=&#8221;&#8221; header_line_height_last_edited=&#8221;on|desktop&#8221; header_5_text_align_tablet=&#8221;left&#8221; header_5_text_align_phone=&#8221;&#8221; header_5_text_align_last_edited=&#8221;on|phone&#8221; header_5_font_size_tablet=&#8221;&#8221; header_5_font_size_phone=&#8221;&#8221; header_5_font_size_last_edited=&#8221;on|tablet&#8221; header_5_line_height_last_edited=&#8221;off|tablet&#8221; module_alignment_tablet=&#8221;left&#8221; module_alignment_phone=&#8221;&#8221; module_alignment_last_edited=&#8221;on|tablet&#8221; border_color_all=&#8221;#e09900&#8243;]<\/p>\n<h5>10:30h<\/h5>\n<p>[\/et_pb_text][et_pb_image src=&#8221;https:\/\/smarttourism.live\/wp-content\/uploads\/2020\/06\/New-Project-8.png&#8221; title_text=&#8221;New Project (8)&#8221; url=&#8221;https:\/\/www.conventa.si\/&#8221; _builder_version=&#8221;4.4.4&#8243; width_tablet=&#8221;40%&#8221; width_phone=&#8221;60%&#8221; width_last_edited=&#8221;on|phone&#8221; module_alignment=&#8221;left&#8221;][\/et_pb_image][\/et_pb_column][et_pb_column type=&#8221;3_4&#8243; _builder_version=&#8221;3.25&#8243; custom_padding=&#8221;|||&#8221; custom_padding__hover=&#8221;|||&#8221;][et_pb_text _builder_version=&#8221;4.4.4&#8243; text_font=&#8221;Poppins||||||||&#8221; text_text_color=&#8221;#007fe0&#8243; text_font_size=&#8221;20px&#8221; text_line_height=&#8221;1.9em&#8221; header_font=&#8221;Poppins||||||||&#8221; header_text_color=&#8221;#007fe0&#8243; header_3_font=&#8221;||||||||&#8221; header_4_font=&#8221;||||||||&#8221; header_5_font=&#8221;Poppins|600|||||||&#8221; header_5_text_color=&#8221;#007fe0&#8243; header_5_line_height=&#8221;1.4em&#8221; header_6_font=&#8221;||||||||&#8221; background_color=&#8221;rgba(0,0,0,0)&#8221; header_line_height_tablet=&#8221;&#8221; header_line_height_phone=&#8221;&#8221; header_line_height_last_edited=&#8221;on|desktop&#8221; border_color_all=&#8221;#e09900&#8243;]<\/p>\n<h5>Conventa Exhibition, Slovenia<\/h5>\n<p>[\/et_pb_text][et_pb_text _builder_version=&#8221;4.4.8&#8243; text_font=&#8221;||||||||&#8221; text_line_height=&#8221;1.9em&#8221; header_font=&#8221;||||||||&#8221; header_6_font=&#8221;Roboto||||||||&#8221; header_6_text_color=&#8221;#00b2e5&#8243; header_6_font_size=&#8221;20px&#8221; header_6_line_height=&#8221;1.2em&#8221; custom_margin=&#8221;|334px||||&#8221;]<\/p>\n<p>Are events gone-away, when will events in the Region start again, how to create new successful MICE campaigns<\/p>\n<p>&nbsp;<\/p>\n<ul>\n<li><strong>Miha Kova\u010di\u0107<\/strong>, Co-founder, Conventa \/ Slovenia<\/li>\n<li><strong>Gorazd \u010cad<\/strong>, Co-founder, Conventa \/ Slovenia<\/li>\n<li><b>Igor Kova\u010devi\u0107<\/b>, CEO, Convention Bureau within National Tourism Organisation of Serbia<span> <\/span>\/ Serbia<\/li>\n<li><b>Janez Kopa\u010d Lebar, <\/b>Project and event Manager, MPG plus<\/li>\n<\/ul>\n<p>[\/et_pb_text][\/et_pb_column][\/et_pb_row][et_pb_row column_structure=&#8221;1_4,3_4&#8243; _builder_version=&#8221;4.4.4&#8243; custom_margin_tablet=&#8221;|||&#8221; custom_margin_phone=&#8221;|||&#8221; custom_margin_last_edited=&#8221;on|desktop&#8221; animation_style=&#8221;zoom&#8221; animation_direction=&#8221;top&#8221; animation_intensity_zoom=&#8221;10%&#8221; border_color_all=&#8221;rgba(51,51,51,0.05)&#8221; border_width_bottom=&#8221;2px&#8221; use_custom_width=&#8221;on&#8221; custom_width_px=&#8221;900px&#8221;][et_pb_column type=&#8221;1_4&#8243; _builder_version=&#8221;3.25&#8243; custom_padding=&#8221;|||&#8221; custom_padding__hover=&#8221;|||&#8221;][et_pb_text _builder_version=&#8221;4.4.4&#8243; text_font=&#8221;Poppins||||||||&#8221; text_text_color=&#8221;#007fe0&#8243; text_font_size=&#8221;20px&#8221; text_line_height=&#8221;1.9em&#8221; header_font=&#8221;Poppins||||||||&#8221; header_text_color=&#8221;#000000&#8243; header_3_font=&#8221;||||||||&#8221; header_4_font=&#8221;||||||||&#8221; header_5_font=&#8221;Poppins|600|||||||&#8221; header_5_text_align=&#8221;right&#8221; header_5_text_color=&#8221;#000000&#8243; header_5_line_height=&#8221;1.4em&#8221; header_6_font=&#8221;||||||||&#8221; background_color=&#8221;rgba(0,0,0,0)&#8221; header_line_height_tablet=&#8221;&#8221; header_line_height_phone=&#8221;&#8221; header_line_height_last_edited=&#8221;on|desktop&#8221; header_5_text_align_tablet=&#8221;left&#8221; header_5_text_align_phone=&#8221;&#8221; header_5_text_align_last_edited=&#8221;on|phone&#8221; header_5_font_size_tablet=&#8221;&#8221; header_5_font_size_phone=&#8221;&#8221; header_5_font_size_last_edited=&#8221;on|tablet&#8221; header_5_line_height_last_edited=&#8221;off|tablet&#8221; module_alignment_tablet=&#8221;left&#8221; module_alignment_phone=&#8221;&#8221; module_alignment_last_edited=&#8221;on|tablet&#8221; border_color_all=&#8221;#e09900&#8243;]<\/p>\n<h5>11:15h<\/h5>\n<p>[\/et_pb_text][et_pb_image src=&#8221;https:\/\/smarttourism.live\/wp-content\/uploads\/2020\/06\/apriori.png&#8221; title_text=&#8221;apriori&#8221; url=&#8221;https:\/\/apriori.ba\/&#8221; _builder_version=&#8221;4.4.4&#8243; width_tablet=&#8221;40%&#8221; width_phone=&#8221;60%&#8221; width_last_edited=&#8221;on|tablet&#8221; module_alignment=&#8221;center&#8221; module_alignment_tablet=&#8221;left&#8221; module_alignment_phone=&#8221;left&#8221; module_alignment_last_edited=&#8221;on|desktop&#8221; width__hover_enabled=&#8221;off|desktop&#8221;][\/et_pb_image][\/et_pb_column][et_pb_column type=&#8221;3_4&#8243; _builder_version=&#8221;3.25&#8243; custom_padding=&#8221;|||&#8221; custom_padding__hover=&#8221;|||&#8221;][et_pb_text _builder_version=&#8221;4.4.8&#8243; text_font=&#8221;Poppins||||||||&#8221; text_text_color=&#8221;#007fe0&#8243; text_font_size=&#8221;20px&#8221; text_line_height=&#8221;1.9em&#8221; header_font=&#8221;Poppins||||||||&#8221; header_text_color=&#8221;#007fe0&#8243; header_3_font=&#8221;||||||||&#8221; header_4_font=&#8221;||||||||&#8221; header_5_font=&#8221;Poppins|600|||||||&#8221; header_5_text_color=&#8221;#007fe0&#8243; header_5_line_height=&#8221;1.4em&#8221; header_6_font=&#8221;||||||||&#8221; background_color=&#8221;rgba(0,0,0,0)&#8221; header_line_height_tablet=&#8221;&#8221; header_line_height_phone=&#8221;&#8221; header_line_height_last_edited=&#8221;on|desktop&#8221; border_color_all=&#8221;#e09900&#8243;]<\/p>\n<h5>APRIORI Tourism conference, BH<\/h5>\n<p>[\/et_pb_text][et_pb_text _builder_version=&#8221;4.4.8&#8243; text_font=&#8221;||||||||&#8221; text_line_height=&#8221;1.9em&#8221; header_font=&#8221;||||||||&#8221; header_6_font=&#8221;Roboto||||||||&#8221; header_6_text_color=&#8221;#00b2e5&#8243; header_6_font_size=&#8221;20px&#8221; header_6_line_height=&#8221;1.2em&#8221; custom_margin=&#8221;|261px||||&#8221;]<\/p>\n<p>COVID19 as a platform for new EU projects in the Region, new tourism products in the BH market, networking as a prerequisite for tourism recovery, expect from this year season and the next one<\/p>\n<p>&nbsp;<\/p>\n<ul>\n<li class=\"p1\">\n<p class=\"p1\"><span class=\"s1\"><strong>Josipa Terzi\u0107-Rezi\u0107<\/strong>, Conference organizer, Apriori BH \/ BH<\/span><\/p>\n<\/li>\n<li class=\"p1\"><strong>Stjepan Primorac<\/strong>, President, Tourism Cluster Herzegovina \/ BH<\/li>\n<li class=\"p1\"><strong>Mili Bijavica<\/strong>, CEO, Fortuna Tours \/ BH<\/li>\n<li class=\"p1\"><strong>Ivan Jurilj<\/strong>, Director, European Integration Office, Government of WHC \/ BH<\/li>\n<\/ul>\n<p>[\/et_pb_text][\/et_pb_column][\/et_pb_row][et_pb_row column_structure=&#8221;1_4,3_4&#8243; _builder_version=&#8221;4.4.4&#8243; custom_margin_tablet=&#8221;|||&#8221; custom_margin_phone=&#8221;|||&#8221; custom_margin_last_edited=&#8221;on|desktop&#8221; animation_style=&#8221;zoom&#8221; animation_direction=&#8221;top&#8221; animation_intensity_zoom=&#8221;10%&#8221; border_color_all=&#8221;rgba(51,51,51,0.05)&#8221; border_width_bottom=&#8221;2px&#8221; use_custom_width=&#8221;on&#8221; custom_width_px=&#8221;900px&#8221;][et_pb_column type=&#8221;1_4&#8243; _builder_version=&#8221;3.25&#8243; custom_padding=&#8221;|||&#8221; custom_padding__hover=&#8221;|||&#8221;][et_pb_text _builder_version=&#8221;4.4.4&#8243; text_font=&#8221;Poppins||||||||&#8221; text_text_color=&#8221;#007fe0&#8243; text_font_size=&#8221;20px&#8221; text_line_height=&#8221;1.9em&#8221; header_font=&#8221;Poppins||||||||&#8221; header_text_color=&#8221;#000000&#8243; header_3_font=&#8221;||||||||&#8221; header_4_font=&#8221;||||||||&#8221; header_5_font=&#8221;Poppins|600|||||||&#8221; header_5_text_align=&#8221;right&#8221; header_5_text_color=&#8221;#000000&#8243; header_5_line_height=&#8221;1.4em&#8221; header_6_font=&#8221;||||||||&#8221; background_color=&#8221;rgba(0,0,0,0)&#8221; header_line_height_tablet=&#8221;&#8221; header_line_height_phone=&#8221;&#8221; header_line_height_last_edited=&#8221;on|desktop&#8221; header_5_text_align_tablet=&#8221;left&#8221; header_5_text_align_phone=&#8221;&#8221; header_5_text_align_last_edited=&#8221;on|phone&#8221; header_5_font_size_tablet=&#8221;&#8221; header_5_font_size_phone=&#8221;&#8221; header_5_font_size_last_edited=&#8221;on|tablet&#8221; header_5_line_height_last_edited=&#8221;off|tablet&#8221; module_alignment_tablet=&#8221;left&#8221; module_alignment_phone=&#8221;&#8221; module_alignment_last_edited=&#8221;on|tablet&#8221; border_color_all=&#8221;#e09900&#8243;]<\/p>\n<h5>12:00h<\/h5>\n<p>[\/et_pb_text][et_pb_image src=&#8221;https:\/\/smarttourism.live\/wp-content\/uploads\/2020\/06\/ESPA.png&#8221; title_text=&#8221;ESPA&#8221; url=&#8221;https:\/\/www.europeanspas.eu\/&#8221; _builder_version=&#8221;4.4.8&#8243; width_tablet=&#8221;40%&#8221; width_phone=&#8221;61%&#8221; width_last_edited=&#8221;on|phone&#8221; module_alignment=&#8221;center&#8221; module_alignment_tablet=&#8221;left&#8221; module_alignment_phone=&#8221;left&#8221; module_alignment_last_edited=&#8221;on|phone&#8221;][\/et_pb_image][\/et_pb_column][et_pb_column type=&#8221;3_4&#8243; _builder_version=&#8221;3.25&#8243; custom_padding=&#8221;|||&#8221; custom_padding__hover=&#8221;|||&#8221;][et_pb_text _builder_version=&#8221;4.4.8&#8243; text_font=&#8221;Poppins||||||||&#8221; text_text_color=&#8221;#007fe0&#8243; text_font_size=&#8221;20px&#8221; text_line_height=&#8221;1.9em&#8221; header_font=&#8221;Poppins||||||||&#8221; header_text_color=&#8221;#007fe0&#8243; header_3_font=&#8221;||||||||&#8221; header_4_font=&#8221;||||||||&#8221; header_5_font=&#8221;Poppins|600|||||||&#8221; header_5_text_color=&#8221;#007fe0&#8243; header_5_line_height=&#8221;1.4em&#8221; header_6_font=&#8221;||||||||&#8221; background_color=&#8221;rgba(0,0,0,0)&#8221; header_line_height_tablet=&#8221;&#8221; header_line_height_phone=&#8221;&#8221; header_line_height_last_edited=&#8221;on|desktop&#8221; border_color_all=&#8221;#e09900&#8243;]<\/p>\n<h5>ESPA &#8211;\u00a0European Spas Association<\/h5>\n<h6>Roundable in partnership with HTI Conference<\/h6>\n<p>[\/et_pb_text][et_pb_text _builder_version=&#8221;4.4.8&#8243; text_font=&#8221;||||||||&#8221; text_line_height=&#8221;1.9em&#8221; header_font=&#8221;||||||||&#8221; header_6_font=&#8221;Roboto||||||||&#8221; header_6_text_color=&#8221;#00b2e5&#8243; header_6_font_size=&#8221;20px&#8221; header_6_line_height=&#8221;1.2em&#8221; custom_padding=&#8221;|328px||||&#8221;]<\/p>\n<p>\u00a0Health tourism in the post-corona era, European medical spas and health resorts serving new demand, new products and communication channels, balneology at a service of Covid19 prevention<\/p>\n<p>&nbsp;<\/p>\n<ul>\n<li class=\"p1\">\n<p class=\"p1\"><span class=\"s1\"><strong>Csilla Mez\u00f6si<\/strong>, Secretary General, ESPA \/ Hungary<\/span><\/p>\n<\/li>\n<li class=\"p1\">\n<p class=\"p1\"><span class=\"s1\"><\/span><strong>Siyka Katsarova<\/strong>, Vice President, ESPA \/ Bulgaria<\/p>\n<\/li>\n<li class=\"p1\"><span><\/span><span><strong>Iztok Altbauer<\/strong>, Managing Director, Slovenian Spas Association \/ Slovenia<\/span><\/li>\n<li class=\"p1\"><span><strong>Marcel Medak<\/strong>, President, Health Tourism Association at the Croatian Chamber of Economy<\/span><\/li>\n<\/ul>\n<p>&nbsp;<\/p>\n<p>[\/et_pb_text][\/et_pb_column][\/et_pb_row][et_pb_row column_structure=&#8221;1_4,3_4&#8243; _builder_version=&#8221;4.4.4&#8243; custom_margin_tablet=&#8221;|||&#8221; custom_margin_phone=&#8221;|||&#8221; custom_margin_last_edited=&#8221;on|desktop&#8221; animation_style=&#8221;zoom&#8221; animation_direction=&#8221;top&#8221; animation_intensity_zoom=&#8221;10%&#8221; border_color_all=&#8221;rgba(51,51,51,0.05)&#8221; border_width_bottom=&#8221;2px&#8221; use_custom_width=&#8221;on&#8221; custom_width_px=&#8221;900px&#8221;][et_pb_column type=&#8221;1_4&#8243; _builder_version=&#8221;3.25&#8243; custom_padding=&#8221;|||&#8221; custom_padding__hover=&#8221;|||&#8221;][et_pb_text _builder_version=&#8221;4.4.4&#8243; text_font=&#8221;Poppins||||||||&#8221; text_text_color=&#8221;#007fe0&#8243; text_font_size=&#8221;20px&#8221; text_line_height=&#8221;1.9em&#8221; header_font=&#8221;Poppins||||||||&#8221; header_text_color=&#8221;#000000&#8243; header_3_font=&#8221;||||||||&#8221; header_4_font=&#8221;||||||||&#8221; header_5_font=&#8221;Poppins|600|||||||&#8221; header_5_text_align=&#8221;right&#8221; header_5_text_color=&#8221;#000000&#8243; header_5_line_height=&#8221;1.4em&#8221; header_6_font=&#8221;||||||||&#8221; background_color=&#8221;rgba(0,0,0,0)&#8221; header_line_height_tablet=&#8221;&#8221; header_line_height_phone=&#8221;&#8221; header_line_height_last_edited=&#8221;on|desktop&#8221; header_5_text_align_tablet=&#8221;left&#8221; header_5_text_align_phone=&#8221;&#8221; header_5_text_align_last_edited=&#8221;on|phone&#8221; header_5_font_size_tablet=&#8221;&#8221; header_5_font_size_phone=&#8221;&#8221; header_5_font_size_last_edited=&#8221;on|tablet&#8221; header_5_line_height_last_edited=&#8221;off|tablet&#8221; module_alignment_tablet=&#8221;left&#8221; module_alignment_phone=&#8221;&#8221; module_alignment_last_edited=&#8221;on|tablet&#8221; border_color_all=&#8221;#e09900&#8243;]<\/p>\n<h5>12:45h<\/h5>\n<p>[\/et_pb_text][\/et_pb_column][et_pb_column type=&#8221;3_4&#8243; _builder_version=&#8221;3.25&#8243; custom_padding=&#8221;|||&#8221; custom_padding__hover=&#8221;|||&#8221;][et_pb_text _builder_version=&#8221;4.4.8&#8243; text_font=&#8221;Poppins||||||||&#8221; text_text_color=&#8221;#007fe0&#8243; text_font_size=&#8221;20px&#8221; text_line_height=&#8221;1.9em&#8221; header_font=&#8221;Poppins||||||||&#8221; header_text_color=&#8221;#007fe0&#8243; header_3_font=&#8221;||||||||&#8221; header_4_font=&#8221;||||||||&#8221; header_5_font=&#8221;Poppins|600|||||||&#8221; header_5_text_color=&#8221;#007fe0&#8243; header_5_line_height=&#8221;1.4em&#8221; header_6_font=&#8221;||||||||&#8221; background_color=&#8221;rgba(0,0,0,0)&#8221; header_line_height_tablet=&#8221;&#8221; header_line_height_phone=&#8221;&#8221; header_line_height_last_edited=&#8221;on|desktop&#8221; border_color_all=&#8221;#e09900&#8243;]<\/p>\n<h5>When will we meet again with Frano Ridjan?<\/h5>\n<p>[\/et_pb_text][et_pb_text _builder_version=&#8221;4.4.8&#8243; text_font=&#8221;||||||||&#8221; text_line_height=&#8221;1.9em&#8221; header_font=&#8221;||||||||&#8221; header_6_font=&#8221;Roboto||||||||&#8221; header_6_text_color=&#8221;#00b2e5&#8243; header_6_font_size=&#8221;20px&#8221; header_6_line_height=&#8221;1.2em&#8221;]<\/p>\n<p>Tourism business events and fairs in Croatia<\/p>\n<p>&nbsp;<\/p>\n<ul>\n<li><strong>Ognjen Bagatin, <\/strong>Project Initiator, Poduzetni\u010dki Mindset (Entrepreneurial Mindset)<\/li>\n<li class=\"p1\">\n<p class=\"p1\"><span class=\"s1\"><strong>Andrea \u0160kerlj<\/strong>, Project Manager, HOW Festival<\/span><\/p>\n<\/li>\n<li class=\"p1\">\n<p class=\"p1\"><span class=\"s1\"><\/span><span class=\"s1\"><strong>Adriano Po\u017eari\u0107<\/strong>, Conference Director, Internet Adria<\/span><\/p>\n<\/li>\n<li class=\"p1\">\n<p class=\"p1\"><span class=\"s1\"><\/span><span class=\"s1\"><strong>Adem Braco Sulji\u0107<\/strong>, Summit Director, MEETEX<\/span><\/p>\n<\/li>\n<li class=\"p1\">\n<p class=\"p1\"><span class=\"s1\"><\/span><span class=\"s1\"><strong>Ingrid Badurina Danielsson<\/strong>, Festival Director, Taste the Mediterranean<\/span><\/p>\n<\/li>\n<li class=\"p1\">\n<p class=\"p1\"><span class=\"s1\"><\/span><span class=\"s1\"><strong>Damjana Domanovac<\/strong>, Fair Director, PLACE2GO<\/span><\/p>\n<\/li>\n<li class=\"p1\">\n<p class=\"p1\"><span class=\"s1\"><\/span><span class=\"s1\"><strong>Ivana Kolar<\/strong>, Conference Director, Tourism 365?<\/span><\/p>\n<\/li>\n<li class=\"p1\"><b><span lang=\"EN-GB\">Frano Ridjan<\/span><\/b><span lang=\"EN-GB\">,\u00a0<\/span><span lang=\"EN-GB\">TV shows and business conferences presenter<\/span><\/li>\n<\/ul>\n<p>[\/et_pb_text][\/et_pb_column][\/et_pb_row][et_pb_row column_structure=&#8221;1_4,3_4&#8243; _builder_version=&#8221;4.4.4&#8243; custom_margin_tablet=&#8221;|||&#8221; custom_margin_phone=&#8221;|||&#8221; custom_margin_last_edited=&#8221;on|desktop&#8221; animation_style=&#8221;zoom&#8221; animation_direction=&#8221;top&#8221; animation_intensity_zoom=&#8221;10%&#8221; border_color_all=&#8221;rgba(51,51,51,0.05)&#8221; border_width_bottom=&#8221;2px&#8221; use_custom_width=&#8221;on&#8221; custom_width_px=&#8221;900px&#8221;][et_pb_column type=&#8221;1_4&#8243; _builder_version=&#8221;3.25&#8243; custom_padding=&#8221;|||&#8221; custom_padding__hover=&#8221;|||&#8221;][et_pb_text _builder_version=&#8221;4.4.4&#8243; text_font=&#8221;Poppins||||||||&#8221; text_text_color=&#8221;#007fe0&#8243; text_font_size=&#8221;20px&#8221; text_line_height=&#8221;1.9em&#8221; header_font=&#8221;Poppins||||||||&#8221; header_text_color=&#8221;#000000&#8243; header_3_font=&#8221;||||||||&#8221; header_4_font=&#8221;||||||||&#8221; header_5_font=&#8221;Poppins|600|||||||&#8221; header_5_text_align=&#8221;right&#8221; header_5_text_color=&#8221;#000000&#8243; header_5_line_height=&#8221;1.4em&#8221; header_6_font=&#8221;||||||||&#8221; background_color=&#8221;rgba(0,0,0,0)&#8221; header_line_height_tablet=&#8221;&#8221; header_line_height_phone=&#8221;&#8221; header_line_height_last_edited=&#8221;on|desktop&#8221; header_5_text_align_tablet=&#8221;left&#8221; header_5_text_align_phone=&#8221;&#8221; header_5_text_align_last_edited=&#8221;on|phone&#8221; header_5_font_size_tablet=&#8221;&#8221; header_5_font_size_phone=&#8221;&#8221; header_5_font_size_last_edited=&#8221;on|tablet&#8221; header_5_line_height_last_edited=&#8221;off|tablet&#8221; module_alignment_tablet=&#8221;left&#8221; module_alignment_phone=&#8221;&#8221; module_alignment_last_edited=&#8221;on|tablet&#8221; border_color_all=&#8221;#e09900&#8243;]<\/p>\n<h5>13:30h<\/h5>\n<p>[\/et_pb_text][\/et_pb_column][et_pb_column type=&#8221;3_4&#8243; _builder_version=&#8221;3.25&#8243; custom_padding=&#8221;|||&#8221; custom_padding__hover=&#8221;|||&#8221;][et_pb_text _builder_version=&#8221;4.4.4&#8243; text_font=&#8221;Poppins||||||||&#8221; text_text_color=&#8221;#007fe0&#8243; text_font_size=&#8221;20px&#8221; text_line_height=&#8221;1.9em&#8221; header_font=&#8221;Poppins||||||||&#8221; header_text_color=&#8221;#007fe0&#8243; header_3_font=&#8221;||||||||&#8221; header_4_font=&#8221;||||||||&#8221; header_5_font=&#8221;Poppins|600|||||||&#8221; header_5_text_color=&#8221;#007fe0&#8243; header_5_line_height=&#8221;1.4em&#8221; header_6_font=&#8221;||||||||&#8221; background_color=&#8221;rgba(0,0,0,0)&#8221; header_line_height_tablet=&#8221;&#8221; header_line_height_phone=&#8221;&#8221; header_line_height_last_edited=&#8221;on|desktop&#8221; border_color_all=&#8221;#e09900&#8243;]<\/p>\n<h5>How to re-focus in the New Normal?<\/h5>\n<p>[\/et_pb_text][et_pb_text _builder_version=&#8221;4.4.8&#8243; text_font=&#8221;||||||||&#8221; text_line_height=&#8221;1.9em&#8221; header_font=&#8221;||||||||&#8221; header_6_font=&#8221;Roboto||||||||&#8221; header_6_text_color=&#8221;#00b2e5&#8243; header_6_font_size=&#8221;20px&#8221; header_6_line_height=&#8221;1.2em&#8221; width=&#8221;69.4%&#8221; custom_margin=&#8221;|261px||||&#8221;]<\/p>\n<p>\u201cIt is not the strongest of the species that survives, nor the most intelligent that survives. It is the one that is the most adaptable to change.\u201d Charles Darwin<\/p>\n<p>&nbsp;<\/p>\n<ul>\n<li class=\"p1\">\n<p class=\"p1\"><strong>Patricia Diesel<\/strong>, author, Keep It Simple Now, LLC \/ USA<\/p>\n<\/li>\n<li class=\"p1\"><strong>Leila Kre\u0161i\u0107-Juri\u0107<\/strong>, HTI Conference Director<\/li>\n<\/ul>\n<p>[\/et_pb_text][\/et_pb_column][\/et_pb_row][et_pb_row _builder_version=&#8221;4.4.4&#8243;][et_pb_column type=&#8221;4_4&#8243; _builder_version=&#8221;4.4.4&#8243;][et_pb_text _builder_version=&#8221;4.4.4&#8243; text_text_color=&#8221;#b5b5b5&#8243; text_orientation=&#8221;center&#8221;]<\/p>\n<p><span>The organizer reserves the right to change and amend the program.<\/span><\/p>\n<p>[\/et_pb_text][\/et_pb_column][\/et_pb_row][\/et_pb_section][et_pb_section fb_built=&#8221;1&#8243; disabled_on=&#8221;off|off|off&#8221; admin_label=&#8221;Sponzori 2&#8243; _builder_version=&#8221;4.4.4&#8243; background_color=&#8221;#ffffff&#8221; background_enable_image=&#8221;off&#8221; custom_padding=&#8221;||0px|||&#8221; global_module=&#8221;2235&#8243; saved_tabs=&#8221;all&#8221; locked=&#8221;off&#8221; collapsed=&#8221;on&#8221;][et_pb_row disabled_on=&#8221;on|on|on&#8221; _builder_version=&#8221;3.25&#8243; disabled=&#8221;on&#8221;][et_pb_column type=&#8221;4_4&#8243; _builder_version=&#8221;3.25&#8243; custom_padding=&#8221;|||&#8221; custom_padding__hover=&#8221;|||&#8221;][et_pb_text _builder_version=&#8221;4.4.4&#8243; text_font=&#8221;||||||||&#8221; text_font_size=&#8221;20px&#8221; text_line_height=&#8221;1.9em&#8221; header_font=&#8221;Poppins||||||||&#8221; header_2_font=&#8221;Poppins|300|||||||&#8221; header_2_font_size=&#8221;50px&#8221; header_2_line_height=&#8221;1.2em&#8221; text_orientation=&#8221;center&#8221; max_width=&#8221;700px&#8221; max_width_tablet=&#8221;&#8221; max_width_phone=&#8221;&#8221; max_width_last_edited=&#8221;on|desktop&#8221; module_alignment=&#8221;center&#8221; header_2_font_size_tablet=&#8221;40px&#8221; header_2_font_size_phone=&#8221;32px&#8221; header_2_font_size_last_edited=&#8221;on|phone&#8221;]<\/p>\n<h2>Gold Sponzori<\/h2>\n<p>[\/et_pb_text][\/et_pb_column][\/et_pb_row][et_pb_row column_structure=&#8221;1_3,1_3,1_3&#8243; disabled_on=&#8221;on|on|on&#8221; _builder_version=&#8221;3.25&#8243; custom_margin=&#8221;3px|auto||auto||&#8221; custom_margin_last_edited=&#8221;off|desktop&#8221; disabled=&#8221;on&#8221;][et_pb_column type=&#8221;1_3&#8243; _builder_version=&#8221;3.25&#8243; background_size=&#8221;initial&#8221; custom_padding=&#8221;|||&#8221; custom_padding__hover=&#8221;|||&#8221;][et_pb_image src=&#8221;https:\/\/smarttourism.live\/wp-content\/uploads\/2020\/04\/logo_01.png&#8221; align=&#8221;center&#8221; align_tablet=&#8221;center&#8221; align_phone=&#8221;&#8221; align_last_edited=&#8221;on|desktop&#8221; _builder_version=&#8221;4.4.4&#8243; module_alignment=&#8221;center&#8221; custom_margin=&#8221;|||&#8221; animation_style=&#8221;zoom&#8221; animation_direction=&#8221;bottom&#8221; animation_intensity_zoom=&#8221;10%&#8221;][\/et_pb_image][et_pb_cta title=&#8221;Company&#8221; button_url=&#8221;#&#8221; button_text=&#8221;Vi\u0161e&#8221; _builder_version=&#8221;4.4.4&#8243; header_font=&#8221;Poppins||||||||&#8221; header_font_size=&#8221;25px&#8221; header_line_height=&#8221;1.4em&#8221; body_font=&#8221;||||||||&#8221; body_line_height=&#8221;2em&#8221; background_color=&#8221;#f9f9f9&#8243; custom_button=&#8221;on&#8221; button_text_size=&#8221;14px&#8221; button_text_color=&#8221;#ffffff&#8221; button_bg_color=&#8221;#007fe0&#8243; button_border_width=&#8221;10px&#8221; button_border_color=&#8221;rgba(0,0,0,0)&#8221; button_border_radius=&#8221;100px&#8221; button_letter_spacing=&#8221;3px&#8221; button_font=&#8221;Roboto|700||on|||||&#8221; background_layout=&#8221;light&#8221; custom_padding=&#8221;50px||50px||true|false&#8221; animation_style=&#8221;zoom&#8221; animation_direction=&#8221;bottom&#8221; animation_intensity_zoom=&#8221;10%&#8221; header_font_size_tablet=&#8221;&#8221; header_font_size_phone=&#8221;&#8221; header_font_size_last_edited=&#8221;on|desktop&#8221; button_letter_spacing_hover=&#8221;3px&#8221; button_text_size__hover_enabled=&#8221;off&#8221; button_one_text_size__hover_enabled=&#8221;off&#8221; button_two_text_size__hover_enabled=&#8221;off&#8221; button_text_color__hover_enabled=&#8221;off&#8221; button_one_text_color__hover_enabled=&#8221;off&#8221; button_two_text_color__hover_enabled=&#8221;off&#8221; button_border_width__hover_enabled=&#8221;off&#8221; button_one_border_width__hover_enabled=&#8221;off&#8221; button_two_border_width__hover_enabled=&#8221;off&#8221; button_border_color__hover_enabled=&#8221;off&#8221; button_one_border_color__hover_enabled=&#8221;off&#8221; button_two_border_color__hover_enabled=&#8221;off&#8221; button_border_radius__hover_enabled=&#8221;off&#8221; button_one_border_radius__hover_enabled=&#8221;off&#8221; button_two_border_radius__hover_enabled=&#8221;off&#8221; button_letter_spacing__hover_enabled=&#8221;on&#8221; button_letter_spacing__hover=&#8221;3px&#8221; button_one_letter_spacing__hover_enabled=&#8221;off&#8221; button_two_letter_spacing__hover_enabled=&#8221;off&#8221; button_bg_color__hover_enabled=&#8221;off&#8221; button_one_bg_color__hover_enabled=&#8221;off&#8221; button_two_bg_color__hover_enabled=&#8221;off&#8221;]<\/p>\n<p><span>Lorem ipsum dolor sit amet, consectetur adipiscing elit, sed do eiusmod tempor incididunt ut labore et dolore magna aliqua.<\/span><\/p>\n<p>[\/et_pb_cta][\/et_pb_column][et_pb_column type=&#8221;1_3&#8243; _builder_version=&#8221;3.25&#8243; custom_padding=&#8221;|||&#8221; custom_padding__hover=&#8221;|||&#8221;][et_pb_image src=&#8221;https:\/\/smarttourism.live\/wp-content\/uploads\/2020\/04\/logo_01.png&#8221; align=&#8221;center&#8221; align_tablet=&#8221;center&#8221; align_phone=&#8221;&#8221; align_last_edited=&#8221;on|desktop&#8221; _builder_version=&#8221;4.4.4&#8243; module_alignment=&#8221;center&#8221; custom_margin=&#8221;|||&#8221; animation_style=&#8221;zoom&#8221; animation_direction=&#8221;bottom&#8221; animation_intensity_zoom=&#8221;10%&#8221;][\/et_pb_image][et_pb_cta title=&#8221;Company&#8221; button_url=&#8221;#&#8221; button_text=&#8221;Vi\u0161e&#8221; _builder_version=&#8221;4.4.4&#8243; header_font=&#8221;Poppins||||||||&#8221; header_font_size=&#8221;25px&#8221; header_line_height=&#8221;1.4em&#8221; body_font=&#8221;||||||||&#8221; body_line_height=&#8221;2em&#8221; background_color=&#8221;#f9f9f9&#8243; custom_button=&#8221;on&#8221; button_text_size=&#8221;14px&#8221; button_text_color=&#8221;#ffffff&#8221; button_bg_color=&#8221;#007fe0&#8243; button_border_width=&#8221;10px&#8221; button_border_color=&#8221;rgba(0,0,0,0)&#8221; button_border_radius=&#8221;100px&#8221; button_letter_spacing=&#8221;3px&#8221; button_font=&#8221;Roboto|700||on|||||&#8221; background_layout=&#8221;light&#8221; custom_padding=&#8221;50px||50px||true|false&#8221; animation_style=&#8221;zoom&#8221; animation_direction=&#8221;bottom&#8221; animation_intensity_zoom=&#8221;10%&#8221; button_letter_spacing_hover=&#8221;3px&#8221; button_text_size__hover_enabled=&#8221;off&#8221; button_one_text_size__hover_enabled=&#8221;off&#8221; button_two_text_size__hover_enabled=&#8221;off&#8221; button_text_color__hover_enabled=&#8221;off&#8221; button_one_text_color__hover_enabled=&#8221;off&#8221; button_two_text_color__hover_enabled=&#8221;off&#8221; button_border_width__hover_enabled=&#8221;off&#8221; button_one_border_width__hover_enabled=&#8221;off&#8221; button_two_border_width__hover_enabled=&#8221;off&#8221; button_border_color__hover_enabled=&#8221;off&#8221; button_one_border_color__hover_enabled=&#8221;off&#8221; button_two_border_color__hover_enabled=&#8221;off&#8221; button_border_radius__hover_enabled=&#8221;off&#8221; button_one_border_radius__hover_enabled=&#8221;off&#8221; button_two_border_radius__hover_enabled=&#8221;off&#8221; button_letter_spacing__hover_enabled=&#8221;on&#8221; button_letter_spacing__hover=&#8221;3px&#8221; button_one_letter_spacing__hover_enabled=&#8221;off&#8221; button_two_letter_spacing__hover_enabled=&#8221;off&#8221; button_bg_color__hover_enabled=&#8221;off&#8221; button_one_bg_color__hover_enabled=&#8221;off&#8221; button_two_bg_color__hover_enabled=&#8221;off&#8221;]<\/p>\n<p><span>Lorem ipsum dolor sit amet, consectetur adipiscing elit, sed do eiusmod tempor incididunt ut labore et dolore magna aliqua.<\/span><\/p>\n<p>[\/et_pb_cta][\/et_pb_column][et_pb_column type=&#8221;1_3&#8243; _builder_version=&#8221;3.25&#8243; custom_padding=&#8221;|||&#8221; custom_padding__hover=&#8221;|||&#8221;][et_pb_image src=&#8221;https:\/\/smarttourism.live\/wp-content\/uploads\/2020\/04\/logo_01.png&#8221; align=&#8221;center&#8221; align_tablet=&#8221;center&#8221; align_phone=&#8221;&#8221; align_last_edited=&#8221;on|desktop&#8221; _builder_version=&#8221;4.4.4&#8243; module_alignment=&#8221;center&#8221; custom_margin=&#8221;|||&#8221; animation_style=&#8221;zoom&#8221; animation_direction=&#8221;bottom&#8221; animation_intensity_zoom=&#8221;10%&#8221;][\/et_pb_image][et_pb_cta title=&#8221;Company&#8221; button_url=&#8221;#&#8221; button_text=&#8221;Vi\u0161e&#8221; _builder_version=&#8221;4.4.4&#8243; header_font=&#8221;Poppins||||||||&#8221; header_font_size=&#8221;25px&#8221; header_line_height=&#8221;1.4em&#8221; body_font=&#8221;||||||||&#8221; body_line_height=&#8221;2em&#8221; background_color=&#8221;#f9f9f9&#8243; custom_button=&#8221;on&#8221; button_text_size=&#8221;14px&#8221; button_text_color=&#8221;#ffffff&#8221; button_bg_color=&#8221;#007fe0&#8243; button_border_width=&#8221;10px&#8221; button_border_color=&#8221;rgba(0,0,0,0)&#8221; button_border_radius=&#8221;100px&#8221; button_letter_spacing=&#8221;3px&#8221; button_font=&#8221;Roboto|700||on|||||&#8221; background_layout=&#8221;light&#8221; custom_padding=&#8221;50px||50px||true|false&#8221; animation_style=&#8221;zoom&#8221; animation_direction=&#8221;bottom&#8221; animation_intensity_zoom=&#8221;10%&#8221; button_letter_spacing_hover=&#8221;3px&#8221; button_text_size__hover_enabled=&#8221;off&#8221; button_one_text_size__hover_enabled=&#8221;off&#8221; button_two_text_size__hover_enabled=&#8221;off&#8221; button_text_color__hover_enabled=&#8221;off&#8221; button_one_text_color__hover_enabled=&#8221;off&#8221; button_two_text_color__hover_enabled=&#8221;off&#8221; button_border_width__hover_enabled=&#8221;off&#8221; button_one_border_width__hover_enabled=&#8221;off&#8221; button_two_border_width__hover_enabled=&#8221;off&#8221; button_border_color__hover_enabled=&#8221;off&#8221; button_one_border_color__hover_enabled=&#8221;off&#8221; button_two_border_color__hover_enabled=&#8221;off&#8221; button_border_radius__hover_enabled=&#8221;off&#8221; button_one_border_radius__hover_enabled=&#8221;off&#8221; button_two_border_radius__hover_enabled=&#8221;off&#8221; button_letter_spacing__hover_enabled=&#8221;on&#8221; button_letter_spacing__hover=&#8221;3px&#8221; button_one_letter_spacing__hover_enabled=&#8221;off&#8221; button_two_letter_spacing__hover_enabled=&#8221;off&#8221; button_bg_color__hover_enabled=&#8221;off&#8221; button_one_bg_color__hover_enabled=&#8221;off&#8221; button_two_bg_color__hover_enabled=&#8221;off&#8221;]<\/p>\n<p><span>Lorem ipsum dolor sit amet, consectetur adipiscing elit, sed do eiusmod tempor incididunt ut labore et dolore magna aliqua.<\/span><\/p>\n<p>[\/et_pb_cta][\/et_pb_column][\/et_pb_row][et_pb_row disabled_on=&#8221;on|on|on&#8221; _builder_version=&#8221;4.4.4&#8243; custom_padding=&#8221;||0px|||&#8221; disabled=&#8221;on&#8221;][et_pb_column type=&#8221;4_4&#8243; _builder_version=&#8221;4.4.4&#8243;][et_pb_divider color=&#8221;#e0e0e0&#8243; _builder_version=&#8221;4.4.4&#8243;][\/et_pb_divider][\/et_pb_column][\/et_pb_row][et_pb_row disabled_on=&#8221;on|on|on&#8221; _builder_version=&#8221;4.4.4&#8243; disabled=&#8221;on&#8221;][et_pb_column type=&#8221;4_4&#8243; _builder_version=&#8221;4.4.4&#8243;][et_pb_divider show_divider=&#8221;off&#8221; _builder_version=&#8221;4.4.4&#8243;][\/et_pb_divider][\/et_pb_column][\/et_pb_row][et_pb_row disabled_on=&#8221;on|on|on&#8221; _builder_version=&#8221;4.4.4&#8243; custom_margin=&#8221;35px||||false|false&#8221; custom_margin_tablet=&#8221;38px||||false|false&#8221; custom_margin_phone=&#8221;27px||||false|false&#8221; custom_margin_last_edited=&#8221;on|desktop&#8221; disabled=&#8221;on&#8221;][et_pb_column type=&#8221;4_4&#8243; _builder_version=&#8221;3.25&#8243; custom_padding=&#8221;|||&#8221; custom_padding__hover=&#8221;|||&#8221;][et_pb_text _builder_version=&#8221;4.4.4&#8243; text_font=&#8221;||||||||&#8221; text_font_size=&#8221;20px&#8221; text_line_height=&#8221;1.9em&#8221; header_font=&#8221;||||||||&#8221; header_font_size=&#8221;50px&#8221; header_2_font=&#8221;Poppins|700|||||||&#8221; header_2_font_size=&#8221;30px&#8221; header_2_line_height=&#8221;1.2em&#8221; text_orientation=&#8221;center&#8221; max_width=&#8221;700px&#8221; max_width_tablet=&#8221;&#8221; max_width_phone=&#8221;&#8221; max_width_last_edited=&#8221;on|desktop&#8221; module_alignment=&#8221;center&#8221; custom_padding=&#8221;||0px|||&#8221; header_font_size_tablet=&#8221;40px&#8221; header_font_size_phone=&#8221;32px&#8221; header_font_size_last_edited=&#8221;on|phone&#8221; header_2_font_size_tablet=&#8221;40px&#8221; header_2_font_size_phone=&#8221;30px&#8221; header_2_font_size_last_edited=&#8221;on|desktop&#8221;]<\/p>\n<h2>GENERALNI SPONZOR<\/h2>\n<p>[\/et_pb_text][\/et_pb_column][\/et_pb_row][et_pb_row disabled_on=&#8221;on|on|on&#8221; _builder_version=&#8221;4.4.4&#8243; width_tablet=&#8221;&#8221; width_phone=&#8221;55%&#8221; width_last_edited=&#8221;on|phone&#8221; custom_margin_tablet=&#8221;&#8221; custom_margin_phone=&#8221;&#8221; custom_margin_last_edited=&#8221;on|phone&#8221; custom_padding=&#8221;2px|||||&#8221; disabled=&#8221;on&#8221;][et_pb_column type=&#8221;4_4&#8243; _builder_version=&#8221;3.25&#8243; custom_padding=&#8221;|||&#8221; custom_padding__hover=&#8221;|||&#8221;][et_pb_image src=&#8221;https:\/\/smarttourism.live\/wp-content\/uploads\/2020\/04\/angiomedic-300&#215;182.png&#8221; title_text=&#8221;angiomedic&#8221; url=&#8221;http:\/\/www.angiomedic.si\/&#8221; align_tablet=&#8221;center&#8221; align_phone=&#8221;&#8221; align_last_edited=&#8221;on|desktop&#8221; _builder_version=&#8221;4.4.4&#8243; width=&#8221;100%&#8221; width_tablet=&#8221;100%&#8221; width_phone=&#8221;100%&#8221; width_last_edited=&#8221;on|tablet&#8221; max_width=&#8221;210px&#8221; max_width_tablet=&#8221;220px&#8221; max_width_phone=&#8221;240px&#8221; max_width_last_edited=&#8221;on|desktop&#8221; module_alignment=&#8221;center&#8221; custom_margin=&#8221;|||&#8221; animation_style=&#8221;zoom&#8221; animation_direction=&#8221;bottom&#8221; animation_intensity_zoom=&#8221;10%&#8221; width__hover_enabled=&#8221;off|desktop&#8221;][\/et_pb_image][et_pb_text _builder_version=&#8221;4.4.4&#8243; text_font_size=&#8221;11px&#8221; text_line_height=&#8221;1.6em&#8221; max_width=&#8221;50%&#8221; max_width_tablet=&#8221;80%&#8221; max_width_phone=&#8221;100%&#8221; max_width_last_edited=&#8221;on|phone&#8221; module_alignment=&#8221;center&#8221; custom_margin=&#8221;-28px||||false|false&#8221;]<\/p>\n<p>Angiomedic <span>javnim i privatnim zdravstvenim strukturama pru\u017ea medicinske proizvode visoke tehnologije.<\/span> Posljednjih godina cilj je uvo\u0111enje novih, minimalno invazivnih postupaka te pru\u017eanje podr\u0161ke lije\u010dnicima u primjeni novih postupaka koriste\u0107i napredne proizvode. Jedan od njih je UV dezinfekcijski robot koji uni\u0161tava sve mikroorganizme (bakterije, viruse i druge mikroorganizme), a primjenu nalazi u zdravstvenom sustavu i, sve vi\u0161e, u hotelijerstvu i ugostiteljstvu.<\/p>\n<p>[\/et_pb_text][\/et_pb_column][\/et_pb_row][et_pb_row _builder_version=&#8221;4.4.4&#8243; custom_margin=&#8221;35px||||false|false&#8221; custom_margin_tablet=&#8221;38px||||false|false&#8221; custom_margin_phone=&#8221;27px||||false|false&#8221; custom_margin_last_edited=&#8221;on|desktop&#8221;][et_pb_column type=&#8221;4_4&#8243; _builder_version=&#8221;3.25&#8243; custom_padding=&#8221;|||&#8221; custom_padding__hover=&#8221;|||&#8221;][et_pb_text _builder_version=&#8221;4.4.4&#8243; text_font=&#8221;||||||||&#8221; text_font_size=&#8221;20px&#8221; text_line_height=&#8221;1.9em&#8221; header_font=&#8221;||||||||&#8221; header_font_size=&#8221;50px&#8221; header_2_font=&#8221;Poppins|700|||||||&#8221; header_2_font_size=&#8221;30px&#8221; header_2_line_height=&#8221;1.2em&#8221; text_orientation=&#8221;center&#8221; max_width=&#8221;700px&#8221; max_width_tablet=&#8221;&#8221; max_width_phone=&#8221;&#8221; max_width_last_edited=&#8221;on|desktop&#8221; module_alignment=&#8221;center&#8221; custom_padding=&#8221;||0px|||&#8221; header_font_size_tablet=&#8221;40px&#8221; header_font_size_phone=&#8221;32px&#8221; header_font_size_last_edited=&#8221;on|phone&#8221; header_2_font_size_tablet=&#8221;40px&#8221; header_2_font_size_phone=&#8221;30px&#8221; header_2_font_size_last_edited=&#8221;on|desktop&#8221;]<\/p>\n<h2>SPONSORS &amp; PARTNERS<\/h2>\n<p>[\/et_pb_text][\/et_pb_column][\/et_pb_row][et_pb_row column_structure=&#8221;1_4,1_4,1_4,1_4&#8243; disabled_on=&#8221;on|on|on&#8221; _builder_version=&#8221;4.4.4&#8243; width_tablet=&#8221;&#8221; width_phone=&#8221;55%&#8221; width_last_edited=&#8221;on|phone&#8221; custom_margin_tablet=&#8221;&#8221; custom_margin_phone=&#8221;&#8221; custom_margin_last_edited=&#8221;on|phone&#8221; custom_padding=&#8221;2px|||||&#8221; disabled=&#8221;on&#8221;][et_pb_column type=&#8221;1_4&#8243; _builder_version=&#8221;3.25&#8243; custom_padding=&#8221;|||&#8221; custom_padding__hover=&#8221;|||&#8221;][et_pb_image src=&#8221;https:\/\/smarttourism.live\/wp-content\/uploads\/2020\/05\/Afrodita.png&#8221; title_text=&#8221;Afrodita&#8221; url=&#8221;https:\/\/webshop.afroditacosmetics.com\/cro\/&#8221; align_tablet=&#8221;center&#8221; align_phone=&#8221;&#8221; align_last_edited=&#8221;on|desktop&#8221; _builder_version=&#8221;4.4.4&#8243; width=&#8221;100%&#8221; width_tablet=&#8221;100%&#8221; width_phone=&#8221;100%&#8221; width_last_edited=&#8221;on|tablet&#8221; max_width=&#8221;210px&#8221; max_width_tablet=&#8221;220px&#8221; max_width_phone=&#8221;240px&#8221; max_width_last_edited=&#8221;on|desktop&#8221; module_alignment=&#8221;center&#8221; custom_margin=&#8221;|||&#8221; animation_style=&#8221;zoom&#8221; animation_direction=&#8221;bottom&#8221; animation_intensity_zoom=&#8221;10%&#8221; width__hover_enabled=&#8221;off|desktop&#8221;][\/et_pb_image][et_pb_text _builder_version=&#8221;4.4.4&#8243; text_font_size=&#8221;12px&#8221; text_line_height=&#8221;1.6em&#8221; text_orientation=&#8221;center&#8221; custom_margin=&#8221;-28px||||false|false&#8221;]<\/p>\n<p>Kozmetika Afrodita vode\u0107a je slovenska ku\u0107a ljepote, koja ove godine slavi 50 godina postojanja. U Hrvatskoj \u00a0prisutna je s vi\u0161e od 700 proizvoda za \u0161iroku potro\u0161nju ili Profesionalnu upotrebu. Cjelokupni asortiman dostupan je, uz mnoge prodajne kanale, i u Afrodita Beauty centar&amp;shop-ovima na 2 lokacije: Frankopanska 7 i Vla\u0161ka 41, Zagreb, a u uskoro i u Galleriji Business Center.<\/p>\n<p>[\/et_pb_text][\/et_pb_column][et_pb_column type=&#8221;1_4&#8243; _builder_version=&#8221;3.25&#8243; custom_padding=&#8221;|||&#8221; custom_padding__hover=&#8221;|||&#8221;][et_pb_image src=&#8221;https:\/\/smarttourism.live\/wp-content\/uploads\/2020\/04\/Hoteza-logo-300&#215;182.png&#8221; title_text=&#8221;Hoteza logo&#8221; url=&#8221;https:\/\/hoteza.com\/hr\/&#8221; align_tablet=&#8221;center&#8221; align_phone=&#8221;&#8221; align_last_edited=&#8221;on|desktop&#8221; _builder_version=&#8221;4.4.4&#8243; max_width=&#8221;210px&#8221; max_width_tablet=&#8221;220px&#8221; max_width_phone=&#8221;240px&#8221; max_width_last_edited=&#8221;on|phone&#8221; module_alignment=&#8221;center&#8221; custom_margin=&#8221;|||&#8221; animation_style=&#8221;zoom&#8221; animation_direction=&#8221;bottom&#8221; animation_intensity_zoom=&#8221;10%&#8221;][\/et_pb_image][et_pb_text _builder_version=&#8221;4.4.4&#8243; text_font_size=&#8221;12px&#8221; text_line_height=&#8221;1.6em&#8221; text_orientation=&#8221;center&#8221; custom_margin=&#8221;-28px||||false|false&#8221;]<\/p>\n<p>Hoteza je najpotpunija platforma za sveukupnu hotelsku ponudu, koja svoju uslugu temelji na interaktivnim komunikacijskim rje\u0161enjima te gostima pru\u017ea informacije, zabavu i neposrednu komunikaciju s hotelskim osobljem nadohvat ruke.<\/p>\n<p>[\/et_pb_text][\/et_pb_column][et_pb_column type=&#8221;1_4&#8243; _builder_version=&#8221;3.25&#8243; custom_padding=&#8221;|||&#8221; custom_padding__hover=&#8221;|||&#8221;][et_pb_image src=&#8221;https:\/\/smarttourism.live\/wp-content\/uploads\/2020\/04\/laserline-logo-300&#215;182.png&#8221; title_text=&#8221;laserline-logo&#8221; url=&#8221;https:\/\/www.laserline.hr\/hr\/&#8221; align_tablet=&#8221;center&#8221; align_phone=&#8221;&#8221; align_last_edited=&#8221;on|desktop&#8221; _builder_version=&#8221;4.4.4&#8243; width=&#8221;100%&#8221; width_tablet=&#8221;100%&#8221; width_phone=&#8221;100%&#8221; width_last_edited=&#8221;on|tablet&#8221; max_width=&#8221;210px&#8221; max_width_tablet=&#8221;220px&#8221; max_width_phone=&#8221;240px&#8221; max_width_last_edited=&#8221;on|desktop&#8221; module_alignment=&#8221;center&#8221; custom_margin=&#8221;|||&#8221; animation_style=&#8221;zoom&#8221; animation_direction=&#8221;bottom&#8221; animation_intensity_zoom=&#8221;10%&#8221; width__hover_enabled=&#8221;off|desktop&#8221;][\/et_pb_image][et_pb_text _builder_version=&#8221;4.4.4&#8243; text_font_size=&#8221;11px&#8221; text_line_height=&#8221;1.6em&#8221; text_orientation=&#8221;center&#8221; custom_margin=&#8221;-28px||||false|false&#8221;]<\/p>\n<p>Laser Line nudi kompletan informati\u010dki in\u017eenjering na realizaciji ra\u010dunarski podr\u017eanih informacijskih sustava, uz primjenu najnovijih dostignu\u0107a na podru\u010dju ra\u010dunarske tehnologije, sistemske programske opreme i razvoju aplikativne programske opreme.<\/p>\n<p>[\/et_pb_text][\/et_pb_column][et_pb_column type=&#8221;1_4&#8243; _builder_version=&#8221;3.25&#8243; custom_padding=&#8221;|||&#8221; custom_padding__hover=&#8221;|||&#8221;][\/et_pb_column][\/et_pb_row][et_pb_row column_structure=&#8221;1_5,1_5,1_5,1_5,1_5&#8243; _builder_version=&#8221;4.4.4&#8243; width_tablet=&#8221;&#8221; width_phone=&#8221;55%&#8221; width_last_edited=&#8221;on|phone&#8221; custom_margin_tablet=&#8221;&#8221; custom_margin_phone=&#8221;&#8221; custom_margin_last_edited=&#8221;on|phone&#8221; custom_padding=&#8221;2px|||||&#8221;][et_pb_column type=&#8221;1_5&#8243; _builder_version=&#8221;3.25&#8243; custom_padding=&#8221;|||&#8221; custom_padding__hover=&#8221;|||&#8221;][et_pb_image src=&#8221;https:\/\/smarttourism.live\/wp-content\/uploads\/2020\/05\/HTZ.png&#8221; title_text=&#8221;HTZ&#8221; url=&#8221;https:\/\/htz.hr\/hr-HR&#8221; align_tablet=&#8221;center&#8221; align_phone=&#8221;&#8221; align_last_edited=&#8221;on|desktop&#8221; _builder_version=&#8221;4.4.4&#8243; width=&#8221;100%&#8221; width_tablet=&#8221;100%&#8221; width_phone=&#8221;100%&#8221; width_last_edited=&#8221;on|tablet&#8221; max_width=&#8221;210px&#8221; max_width_tablet=&#8221;220px&#8221; max_width_phone=&#8221;240px&#8221; max_width_last_edited=&#8221;on|desktop&#8221; module_alignment=&#8221;center&#8221; custom_margin=&#8221;|||&#8221; animation_style=&#8221;zoom&#8221; animation_direction=&#8221;bottom&#8221; animation_intensity_zoom=&#8221;10%&#8221; width__hover_enabled=&#8221;off|desktop&#8221;][\/et_pb_image][\/et_pb_column][et_pb_column type=&#8221;1_5&#8243; _builder_version=&#8221;3.25&#8243; custom_padding=&#8221;|||&#8221; custom_padding__hover=&#8221;|||&#8221;][et_pb_image src=&#8221;https:\/\/smarttourism.live\/wp-content\/uploads\/2020\/04\/HGK-2.png&#8221; title_text=&#8221;HGK&#8221; url=&#8221;https:\/\/www.hgk.hr\/&#8221; align_tablet=&#8221;center&#8221; align_phone=&#8221;&#8221; align_last_edited=&#8221;on|desktop&#8221; _builder_version=&#8221;4.4.4&#8243; width=&#8221;100%&#8221; width_tablet=&#8221;100%&#8221; width_phone=&#8221;100%&#8221; width_last_edited=&#8221;on|tablet&#8221; max_width=&#8221;210px&#8221; max_width_tablet=&#8221;220px&#8221; max_width_phone=&#8221;240px&#8221; max_width_last_edited=&#8221;on|desktop&#8221; module_alignment=&#8221;center&#8221; custom_margin=&#8221;|||&#8221; animation_style=&#8221;zoom&#8221; animation_direction=&#8221;bottom&#8221; animation_intensity_zoom=&#8221;10%&#8221; width__hover_enabled=&#8221;off|desktop&#8221;][\/et_pb_image][\/et_pb_column][et_pb_column type=&#8221;1_5&#8243; _builder_version=&#8221;3.25&#8243; custom_padding=&#8221;|||&#8221; custom_padding__hover=&#8221;|||&#8221;][et_pb_image src=&#8221;https:\/\/smarttourism.live\/wp-content\/uploads\/2020\/09\/Light-komunikacije_logo.jpg&#8221; title_text=&#8221;Light komunikacije_logo&#8221; url=&#8221;https:\/\/www.lightkomunikacije.hr\/&#8221; align_tablet=&#8221;center&#8221; align_phone=&#8221;&#8221; align_last_edited=&#8221;on|desktop&#8221; _builder_version=&#8221;4.6.3&#8243; width=&#8221;100%&#8221; width_tablet=&#8221;100%&#8221; width_phone=&#8221;100%&#8221; width_last_edited=&#8221;on|tablet&#8221; max_width=&#8221;210px&#8221; max_width_tablet=&#8221;220px&#8221; max_width_phone=&#8221;240px&#8221; max_width_last_edited=&#8221;on|desktop&#8221; module_alignment=&#8221;center&#8221; custom_margin=&#8221;|||&#8221; animation_style=&#8221;zoom&#8221; animation_direction=&#8221;bottom&#8221; animation_intensity_zoom=&#8221;10%&#8221; width__hover_enabled=&#8221;off|desktop&#8221;][\/et_pb_image][et_pb_text _builder_version=&#8221;4.4.4&#8243; text_font_size=&#8221;11px&#8221; text_line_height=&#8221;1.6em&#8221; text_orientation=&#8221;center&#8221; custom_margin=&#8221;-28px||||false|false&#8221;]<\/p>\n<p>Conference PR agency<\/p>\n<p>[\/et_pb_text][\/et_pb_column][et_pb_column type=&#8221;1_5&#8243; _builder_version=&#8221;3.25&#8243; custom_padding=&#8221;|||&#8221; custom_padding__hover=&#8221;|||&#8221;][et_pb_image src=&#8221;https:\/\/smarttourism.live\/wp-content\/uploads\/2020\/06\/Hyper-300&#215;182-1.png&#8221; title_text=&#8221;Hyper-300&#215;182&#8243; url=&#8221;https:\/\/www.hyper.hr\/&#8221; align_tablet=&#8221;center&#8221; align_phone=&#8221;&#8221; align_last_edited=&#8221;on|desktop&#8221; _builder_version=&#8221;4.4.8&#8243; max_width=&#8221;210px&#8221; max_width_tablet=&#8221;220px&#8221; max_width_phone=&#8221;240px&#8221; max_width_last_edited=&#8221;on|phone&#8221; module_alignment=&#8221;center&#8221; custom_margin=&#8221;|||&#8221; animation_style=&#8221;zoom&#8221; animation_direction=&#8221;bottom&#8221; animation_intensity_zoom=&#8221;10%&#8221;][\/et_pb_image][et_pb_text _builder_version=&#8221;4.4.4&#8243; text_font_size=&#8221;11px&#8221; text_line_height=&#8221;1.6em&#8221; text_orientation=&#8221;center&#8221; custom_margin=&#8221;-28px||||false|false&#8221;]<\/p>\n<p><span>Design and marketing with a breakthrough.<\/span><\/p>\n<p>[\/et_pb_text][\/et_pb_column][et_pb_column type=&#8221;1_5&#8243; _builder_version=&#8221;4.4.8&#8243;][et_pb_image src=&#8221;https:\/\/smarttourism.live\/wp-content\/uploads\/2020\/06\/Terme-tuhelj-logo.png&#8221; title_text=&#8221;Terme tuhelj logo&#8221; url=&#8221;https:\/\/www.hyper.hr\/&#8221; align_tablet=&#8221;center&#8221; align_phone=&#8221;&#8221; align_last_edited=&#8221;on|desktop&#8221; _builder_version=&#8221;4.4.8&#8243; max_width=&#8221;210px&#8221; max_width_tablet=&#8221;220px&#8221; max_width_phone=&#8221;240px&#8221; max_width_last_edited=&#8221;on|phone&#8221; module_alignment=&#8221;center&#8221; custom_margin=&#8221;|||&#8221; animation_style=&#8221;zoom&#8221; animation_direction=&#8221;bottom&#8221; animation_intensity_zoom=&#8221;10%&#8221;][\/et_pb_image][\/et_pb_column][\/et_pb_row][et_pb_row _builder_version=&#8221;3.25&#8243; custom_margin=&#8221;3px|auto||auto||&#8221; custom_padding=&#8221;||2px|||&#8221;][et_pb_column type=&#8221;4_4&#8243; _builder_version=&#8221;3.25&#8243; custom_padding=&#8221;|||&#8221; custom_padding__hover=&#8221;|||&#8221;][et_pb_divider color=&#8221;#e0e0e0&#8243; _builder_version=&#8221;4.4.4&#8243;][\/et_pb_divider][\/et_pb_column][\/et_pb_row][et_pb_row disabled_on=&#8221;off|off|off&#8221; _builder_version=&#8221;4.4.4&#8243; custom_margin=&#8221;35px||||false|false&#8221; custom_margin_tablet=&#8221;38px||||false|false&#8221; custom_margin_phone=&#8221;27px||||false|false&#8221; custom_margin_last_edited=&#8221;on|desktop&#8221;][et_pb_column type=&#8221;4_4&#8243; _builder_version=&#8221;3.25&#8243; custom_padding=&#8221;|||&#8221; custom_padding__hover=&#8221;|||&#8221;][et_pb_text _builder_version=&#8221;4.4.8&#8243; text_font=&#8221;||||||||&#8221; text_font_size=&#8221;20px&#8221; text_line_height=&#8221;1.9em&#8221; header_font=&#8221;||||||||&#8221; header_font_size=&#8221;50px&#8221; header_2_font=&#8221;Poppins|700|||||||&#8221; header_2_font_size=&#8221;30px&#8221; header_2_line_height=&#8221;1.2em&#8221; text_orientation=&#8221;center&#8221; max_width=&#8221;700px&#8221; max_width_tablet=&#8221;&#8221; max_width_phone=&#8221;&#8221; max_width_last_edited=&#8221;on|desktop&#8221; module_alignment=&#8221;center&#8221; custom_padding=&#8221;||0px|||&#8221; header_font_size_tablet=&#8221;40px&#8221; header_font_size_phone=&#8221;32px&#8221; header_font_size_last_edited=&#8221;on|phone&#8221; header_2_font_size_tablet=&#8221;40px&#8221; header_2_font_size_phone=&#8221;30px&#8221; header_2_font_size_last_edited=&#8221;on|desktop&#8221;]<\/p>\n<h2><span>MEDIA SPONSORS<\/span><\/h2>\n<p>[\/et_pb_text][\/et_pb_column][\/et_pb_row][et_pb_row column_structure=&#8221;1_4,1_4,1_4,1_4&#8243; disabled_on=&#8221;off|off|off&#8221; _builder_version=&#8221;4.4.4&#8243; width_tablet=&#8221;&#8221; width_phone=&#8221;55%&#8221; width_last_edited=&#8221;on|phone&#8221; custom_margin_tablet=&#8221;&#8221; custom_margin_phone=&#8221;&#8221; custom_margin_last_edited=&#8221;on|phone&#8221; custom_padding=&#8221;2px|||||&#8221;][et_pb_column type=&#8221;1_4&#8243; _builder_version=&#8221;3.25&#8243; custom_padding=&#8221;|||&#8221; custom_padding__hover=&#8221;|||&#8221;][et_pb_image src=&#8221;https:\/\/smarttourism.live\/wp-content\/uploads\/2020\/04\/turizmoteka-3.png&#8221; title_text=&#8221;turizmoteka&#8221; url=&#8221;https:\/\/www.turizmoteka.hr\/&#8221; align_tablet=&#8221;center&#8221; align_phone=&#8221;&#8221; align_last_edited=&#8221;on|desktop&#8221; _builder_version=&#8221;4.4.4&#8243; max_width=&#8221;210px&#8221; max_width_tablet=&#8221;220px&#8221; max_width_phone=&#8221;240px&#8221; max_width_last_edited=&#8221;on|phone&#8221; module_alignment=&#8221;center&#8221; custom_margin=&#8221;|||&#8221; animation_style=&#8221;zoom&#8221; animation_direction=&#8221;bottom&#8221; animation_intensity_zoom=&#8221;10%&#8221;][\/et_pb_image][\/et_pb_column][et_pb_column type=&#8221;1_4&#8243; _builder_version=&#8221;3.25&#8243; custom_padding=&#8221;|||&#8221; custom_padding__hover=&#8221;|||&#8221;][et_pb_image src=&#8221;https:\/\/smarttourism.live\/wp-content\/uploads\/2020\/04\/hrturizam.hr_.png&#8221; title_text=&#8221;hrturizam.hr&#8221; url=&#8221;https:\/\/hrturizam.hr\/&#8221; align_tablet=&#8221;center&#8221; align_phone=&#8221;&#8221; align_last_edited=&#8221;on|desktop&#8221; _builder_version=&#8221;4.4.4&#8243; max_width=&#8221;210px&#8221; max_width_tablet=&#8221;220px&#8221; max_width_phone=&#8221;240px&#8221; max_width_last_edited=&#8221;on|phone&#8221; module_alignment=&#8221;center&#8221; custom_margin=&#8221;|||&#8221; animation_style=&#8221;zoom&#8221; animation_direction=&#8221;bottom&#8221; animation_intensity_zoom=&#8221;10%&#8221;][\/et_pb_image][\/et_pb_column][et_pb_column type=&#8221;1_4&#8243; _builder_version=&#8221;3.25&#8243; custom_padding=&#8221;|||&#8221; custom_padding__hover=&#8221;|||&#8221;][et_pb_image src=&#8221;https:\/\/smarttourism.live\/wp-content\/uploads\/2020\/04\/poslovniturizam-300&#215;182.png&#8221; title_text=&#8221;poslovniturizam&#8221; url=&#8221;https:\/\/www.poslovniturizam.com\/&#8221; align_tablet=&#8221;center&#8221; align_phone=&#8221;&#8221; align_last_edited=&#8221;on|desktop&#8221; _builder_version=&#8221;4.4.4&#8243; max_width=&#8221;210px&#8221; max_width_tablet=&#8221;220px&#8221; max_width_phone=&#8221;240px&#8221; max_width_last_edited=&#8221;on|phone&#8221; module_alignment=&#8221;center&#8221; custom_margin=&#8221;|||&#8221; animation_style=&#8221;zoom&#8221; animation_direction=&#8221;bottom&#8221; animation_intensity_zoom=&#8221;10%&#8221;][\/et_pb_image][\/et_pb_column][et_pb_column type=&#8221;1_4&#8243; _builder_version=&#8221;3.25&#8243; custom_padding=&#8221;|||&#8221; custom_padding__hover=&#8221;|||&#8221;][et_pb_image src=&#8221;https:\/\/smarttourism.live\/wp-content\/uploads\/2020\/05\/press-clipping.png&#8221; title_text=&#8221;press clipping&#8221; url=&#8221;https:\/\/www.hgk.hr\/&#8221; align_tablet=&#8221;center&#8221; align_phone=&#8221;&#8221; align_last_edited=&#8221;on|desktop&#8221; _builder_version=&#8221;4.4.4&#8243; width=&#8221;100%&#8221; width_tablet=&#8221;100%&#8221; width_phone=&#8221;100%&#8221; width_last_edited=&#8221;on|tablet&#8221; max_width=&#8221;210px&#8221; max_width_tablet=&#8221;220px&#8221; max_width_phone=&#8221;240px&#8221; max_width_last_edited=&#8221;on|desktop&#8221; module_alignment=&#8221;center&#8221; custom_margin=&#8221;|||&#8221; animation_style=&#8221;zoom&#8221; animation_direction=&#8221;bottom&#8221; animation_intensity_zoom=&#8221;10%&#8221; width__hover_enabled=&#8221;off|desktop&#8221;][\/et_pb_image][\/et_pb_column][\/et_pb_row][et_pb_row _builder_version=&#8221;3.25&#8243; custom_margin=&#8221;3px|auto||auto||&#8221; custom_padding=&#8221;||2px|||&#8221;][et_pb_column type=&#8221;4_4&#8243; _builder_version=&#8221;3.25&#8243; custom_padding=&#8221;|||&#8221; custom_padding__hover=&#8221;|||&#8221;][et_pb_divider color=&#8221;#e0e0e0&#8243; _builder_version=&#8221;4.4.4&#8243;][\/et_pb_divider][\/et_pb_column][\/et_pb_row][et_pb_row column_structure=&#8221;1_2,1_2&#8243; _builder_version=&#8221;3.25&#8243; custom_margin=&#8221;1px|auto||auto||&#8221; custom_margin_tablet=&#8221;&#8221; custom_margin_phone=&#8221;&#8221; custom_margin_last_edited=&#8221;on|phone&#8221;][et_pb_column type=&#8221;1_2&#8243; _builder_version=&#8221;3.25&#8243; custom_padding=&#8221;|||&#8221; custom_padding__hover=&#8221;|||&#8221;][et_pb_text _builder_version=&#8221;4.4.4&#8243; text_font=&#8221;||||||||&#8221; text_font_size=&#8221;20px&#8221; text_line_height=&#8221;1.9em&#8221; header_font=&#8221;||||||||&#8221; header_font_size=&#8221;50px&#8221; header_2_font=&#8221;Poppins|700|||||||&#8221; header_2_font_size=&#8221;30px&#8221; header_2_line_height=&#8221;1.2em&#8221; text_orientation=&#8221;center&#8221; max_width=&#8221;700px&#8221; max_width_tablet=&#8221;&#8221; max_width_phone=&#8221;&#8221; max_width_last_edited=&#8221;on|desktop&#8221; module_alignment=&#8221;center&#8221; custom_padding=&#8221;||0px|||&#8221; header_font_size_tablet=&#8221;40px&#8221; header_font_size_phone=&#8221;32px&#8221; header_font_size_last_edited=&#8221;on|phone&#8221; header_2_font_size_tablet=&#8221;40px&#8221; header_2_font_size_phone=&#8221;30px&#8221; header_2_font_size_last_edited=&#8221;on|desktop&#8221;]<\/p>\n<h2>ORGANIZER<\/h2>\n<p>[\/et_pb_text][et_pb_image src=&#8221;https:\/\/smarttourism.live\/wp-content\/uploads\/2020\/04\/Julius-logo-1-300&#215;182.png&#8221; title_text=&#8221;Julius logo&#8221; url=&#8221;http:\/\/www.turizam365.com\/&#8221; align_tablet=&#8221;center&#8221; align_phone=&#8221;&#8221; align_last_edited=&#8221;on|desktop&#8221; _builder_version=&#8221;4.4.4&#8243; width=&#8221;100%&#8221; width_tablet=&#8221;45%&#8221; width_phone=&#8221;70%&#8221; width_last_edited=&#8221;on|desktop&#8221; max_width=&#8221;210px&#8221; max_width_tablet=&#8221;220px&#8221; max_width_phone=&#8221;240px&#8221; max_width_last_edited=&#8221;on|phone&#8221; module_alignment=&#8221;center&#8221; custom_margin=&#8221;|||&#8221; animation_style=&#8221;zoom&#8221; animation_direction=&#8221;bottom&#8221; animation_intensity_zoom=&#8221;10%&#8221;][\/et_pb_image][\/et_pb_column][et_pb_column type=&#8221;1_2&#8243; _builder_version=&#8221;4.4.4&#8243;][et_pb_text _builder_version=&#8221;4.4.4&#8243; text_font=&#8221;||||||||&#8221; text_font_size=&#8221;20px&#8221; text_line_height=&#8221;1.9em&#8221; header_font=&#8221;||||||||&#8221; header_font_size=&#8221;50px&#8221; header_2_font=&#8221;Poppins|700|||||||&#8221; header_2_font_size=&#8221;30px&#8221; header_2_line_height=&#8221;1.2em&#8221; text_orientation=&#8221;center&#8221; max_width=&#8221;700px&#8221; max_width_tablet=&#8221;&#8221; max_width_phone=&#8221;&#8221; max_width_last_edited=&#8221;on|desktop&#8221; module_alignment=&#8221;center&#8221; custom_padding=&#8221;||0px|||&#8221; header_font_size_tablet=&#8221;40px&#8221; header_font_size_phone=&#8221;32px&#8221; header_font_size_last_edited=&#8221;on|phone&#8221; header_2_font_size_tablet=&#8221;40px&#8221; header_2_font_size_phone=&#8221;30px&#8221; header_2_font_size_last_edited=&#8221;on|desktop&#8221;]<\/p>\n<h2>COORGANIZER<\/h2>\n<p>[\/et_pb_text][et_pb_image src=&#8221;https:\/\/smarttourism.live\/wp-content\/uploads\/2020\/04\/Slo-cro-lo.png&#8221; title_text=&#8221;Slo cro lo&#8221; url=&#8221;https:\/\/www.slo-cro-klub.hr\/&#8221; align_tablet=&#8221;center&#8221; align_phone=&#8221;&#8221; align_last_edited=&#8221;on|desktop&#8221; _builder_version=&#8221;4.4.4&#8243; width=&#8221;100%&#8221; width_tablet=&#8221;50%&#8221; width_phone=&#8221;70%&#8221; width_last_edited=&#8221;on|tablet&#8221; max_width=&#8221;210px&#8221; max_width_tablet=&#8221;220px&#8221; max_width_phone=&#8221;240px&#8221; max_width_last_edited=&#8221;on|phone&#8221; module_alignment=&#8221;center&#8221; custom_margin=&#8221;|||&#8221; animation_style=&#8221;zoom&#8221; animation_direction=&#8221;bottom&#8221; animation_intensity_zoom=&#8221;10%&#8221;][\/et_pb_image][\/et_pb_column][\/et_pb_row][et_pb_row _builder_version=&#8221;4.4.4&#8243;][et_pb_column type=&#8221;4_4&#8243; _builder_version=&#8221;4.4.4&#8243;][et_pb_divider show_divider=&#8221;off&#8221; _builder_version=&#8221;4.4.4&#8243;][\/et_pb_divider][\/et_pb_column][\/et_pb_row][\/et_pb_section]<\/p>\n","protected":false},"excerpt":{"rendered":"<p>Managing Director of Slovenian Tourist BoardMaja Pak holds a M.Sc. Degree and majored in entrepreneurship at the University of Ljubljana. After a few years of managing the Ljubljana Representative Office of Roga\u0161ka Spa, she joined the founding team of the new promotion agency for Slovenia as a tourist destination in 1996. Her over 20-year work [&hellip;]<\/p>\n","protected":false},"author":3,"featured_media":0,"parent":0,"menu_order":0,"comment_status":"closed","ping_status":"closed","template":"","meta":{"_et_pb_use_builder":"on","_et_pb_old_content":"","_et_gb_content_width":""},"_links":{"self":[{"href":"https:\/\/smarttourism.live\/en\/wp-json\/wp\/v2\/pages\/1544"}],"collection":[{"href":"https:\/\/smarttourism.live\/en\/wp-json\/wp\/v2\/pages"}],"about":[{"href":"https:\/\/smarttourism.live\/en\/wp-json\/wp\/v2\/types\/page"}],"author":[{"embeddable":true,"href":"https:\/\/smarttourism.live\/en\/wp-json\/wp\/v2\/users\/3"}],"replies":[{"embeddable":true,"href":"https:\/\/smarttourism.live\/en\/wp-json\/wp\/v2\/comments?post=1544"}],"version-history":[{"count":36,"href":"https:\/\/smarttourism.live\/en\/wp-json\/wp\/v2\/pages\/1544\/revisions"}],"predecessor-version":[{"id":6389,"href":"https:\/\/smarttourism.live\/en\/wp-json\/wp\/v2\/pages\/1544\/revisions\/6389"}],"wp:attachment":[{"href":"https:\/\/smarttourism.live\/en\/wp-json\/wp\/v2\/media?parent=1544"}],"curies":[{"name":"wp","href":"https:\/\/api.w.org\/{rel}","templated":true}]}}